{"id":1205,"date":"2020-07-01T19:50:45","date_gmt":"2020-07-01T17:50:45","guid":{"rendered":"https:\/\/vg-initiative.de\/?page_id=1205"},"modified":"2021-11-11T13:26:47","modified_gmt":"2021-11-11T12:26:47","slug":"vg-in-osnabrueck-v2","status":"publish","type":"page","link":"https:\/\/vg-initiative.de\/?page_id=1205","title":{"rendered":"Familie"},"content":{"rendered":"<p>[et_pb_section fb_built=&#8220;1&#8243; _builder_version=&#8220;3.26.6&#8243; background_color=&#8220;#07a1e2&#8243; background_enable_image=&#8220;off&#8220; background_position=&#8220;center_right&#8220; custom_margin=&#8220;0px||0px||false|false&#8220; custom_padding=&#8220;0px||0px||false|false&#8220; custom_css_main_element=&#8220;background-position: center center;&#8220;][et_pb_row column_structure=&#8220;1_2,1_2&#8243; _builder_version=&#8220;3.26.6&#8243; width=&#8220;100%&#8220; max_width=&#8220;100%&#8220; min_height=&#8220;34px&#8220; max_height=&#8220;768px&#8220; custom_margin=&#8220;0px||0px||false|false&#8220; custom_padding=&#8220;0px||0px||false|false&#8220;][et_pb_column type=&#8220;1_2&#8243; _builder_version=&#8220;3.26.6&#8243; custom_padding=&#8220;55px|||5%|false|false&#8220;][et_pb_text _builder_version=&#8220;3.26.6&#8243; custom_margin=&#8220;||29px|||&#8220;]<\/p>\n<h1><strong><span style=\"color: #ffffff;\">Jugend 1899 &#8211; 1919<\/span><\/strong><strong><span style=\"color: #ffffff;\"><\/span><\/strong><\/h1>\n<p>[\/et_pb_text][et_pb_text _builder_version=&#8220;3.26.6&#8243; width=&#8220;62%&#8220; custom_margin=&#8220;16px|||||&#8220;]<\/p>\n<p><span style=\"color: #ffffff; font-size: large;\">Etwas zur Familiengeschichte: Vom Hof &#8222;Vor dem Berge&#8220; zur Tischlerei in der Osnabr\u00fccker Altstadt.<br \/> <\/span><\/p>\n<p>[\/et_pb_text][\/et_pb_column][et_pb_column type=&#8220;1_2&#8243; _builder_version=&#8220;3.26.6&#8243; custom_css_main_element=&#8220;display: flex;&#8220;][et_pb_text _builder_version=&#8220;3.26.6&#8243; text_line_height=&#8220;1em&#8220; width=&#8220;39.1%&#8220; min_height=&#8220;47px&#8220; custom_margin=&#8220;|30px|||false|false&#8220; custom_css_main_element=&#8220;align-self: flex-end;&#8220;]<\/p>\n<p style=\"text-align: right;\"><span style=\"font-size: small;\"><span style=\"color: #ffffff;\">Gro\u00dfe Gildewart um 1910<\/span><span style=\"color: #ffffff;\">Quelle: Rudolf Lichtenberg, Osnabr\u00fcck<\/span><\/span><\/p>\n<p>[\/et_pb_text][et_pb_image src=&#8220;https:\/\/vg-initiative.de\/wp-content\/uploads\/2021\/02\/VG_Bild_1-scaled.jpg&#8220; align=&#8220;right&#8220; _builder_version=&#8220;3.26.6&#8243; width=&#8220;70%&#8220; width_tablet=&#8220;40%&#8220; width_last_edited=&#8220;on|phone&#8220; max_height=&#8220;768px&#8220; custom_margin=&#8220;||||false|false&#8220;][\/et_pb_image][\/et_pb_column][\/et_pb_row][\/et_pb_section][et_pb_section fb_built=&#8220;1&#8243; admin_label=&#8220;About Us Section&#8220; module_id=&#8220;link-vginosna&#8220; _builder_version=&#8220;3.26.6&#8243; min_height=&#8220;1961px&#8220; custom_margin=&#8220;-1px||1px|||&#8220; custom_padding=&#8220;||||false|false&#8220;][et_pb_row _builder_version=&#8220;3.26.6&#8243; module_alignment=&#8220;center&#8220; min_height=&#8220;659px&#8220; custom_margin=&#8220;|auto|||false|false&#8220; custom_padding=&#8220;||23px||false|false&#8220;][et_pb_column type=&#8220;4_4&#8243; _builder_version=&#8220;3.26.6&#8243;][et_pb_text module_id=&#8220;Jugend1&#8243; module_class=&#8220;text-anchor-offset&#8220; _builder_version=&#8220;3.26.6&#8243; background_enable_image=&#8220;off&#8220; background_size=&#8220;initial&#8220; custom_padding=&#8220;||0px|||&#8220;]<\/p>\n<p style=\"text-align: left;\"><strong>Aktivit\u00e4ten<\/strong><\/p>\n<p class=\"Normal\" style=\"text-align: left;\"><span class=\"tm5\">Am 17. November 1899 wurde Friedrich Vordemberge-Gildewart in Osnabr\u00fcck, Gro\u00dfe Gildewart 27 geboren. Die Eltern hatten das f\u00fcr einen Handwerker ungew\u00f6hnlich repr\u00e4sentative Geb\u00e4ude wohl auch zusammen mit der Werkstatt 1893<\/span><span class=\"tm6\">\u00a0<\/span><span class=\"tm5\">vom Tischler Schmalriede erworben. Sein Vater August war Bau- und M\u00f6beltischler. Ein Bruder des Vaters, Heinrich, siedelte sich als Sattler 250 m entfernt in der Dielinger Stra\u00dfe an und dessen 1897 geborener Sohn war auf den Namen\u00a0<a href=\"https:\/\/www.dr-ulrike-hamm.de\/kuenstler\/friedrich-vordemberge-2\/\">\u201eFriedrich\u201c<\/a> getauft worden. Da dieser ebenfalls k\u00fcnstlerisch t\u00e4tig war, hat &#8222;unser&#8220; Friedrich seinen Nachnamen Vordemberge um den Zusatz &#8222;Gildewart&#8220; in den Zwanzigern in Hannover erweitert.<\/span><\/p>\n<p class=\"Normal\" style=\"text-align: left;\"><span class=\"tm5\" style=\"font-size: 18px;\">Auch heute noch ist der Name \u201eVordemberge\u201c im Osnabr\u00fccker Nordland mehrfach nachweisbar und findet sich sogar als Hofstelle auf der topographischen Karte (Massstab 1:50.000) knapp 4<\/span><span class=\"tm5\" style=\"font-size: 18px;\">\u00a0km \u00f6stlich von Lemf\u00f6rde<\/span><span class=\"tm5\" style=\"font-size: 18px;\">\u00a0unmittelbar am Hang des Stemweder Berges, einem Vorberg des Wiehengebirges im Landkreis Diepholz.<\/span><\/p>\n<p class=\"Normal\" style=\"text-align: left;\"><span class=\"tm5\"><\/span><\/p>\n<p>[\/et_pb_text][et_pb_image src=&#8220;https:\/\/vg-initiative.de\/wp-content\/uploads\/2020\/09\/Landkreis-Diepholz-Navigator.jpg&#8220; align=&#8220;center&#8220; _builder_version=&#8220;3.26.6&#8243;][\/et_pb_image][\/et_pb_column][\/et_pb_row][et_pb_row _builder_version=&#8220;3.26.6&#8243; min_height=&#8220;33px&#8220; custom_margin=&#8220;-26px|auto||auto||&#8220; custom_padding=&#8220;26px||0px|||&#8220;][et_pb_column type=&#8220;4_4&#8243; _builder_version=&#8220;3.26.6&#8243;][et_pb_text _builder_version=&#8220;3.26.6&#8243; min_height=&#8220;21px&#8220; custom_margin=&#8220;-25px|||||&#8220; custom_padding=&#8220;||24px|||&#8220;]<\/p>\n<p><span style=\"font-size: x-small;\">Quelle: Landkreis Diepholz Kommunal Navigator<\/span><\/p>\n<p>[\/et_pb_text][\/et_pb_column][\/et_pb_row][et_pb_row column_structure=&#8220;1_2,1_2&#8243; _builder_version=&#8220;3.26.6&#8243; min_height=&#8220;448px&#8220; custom_margin=&#8220;|||auto|false|false&#8220; custom_padding=&#8220;9px||0px|||&#8220;][et_pb_column type=&#8220;1_2&#8243; _builder_version=&#8220;3.26.6&#8243;][et_pb_text _builder_version=&#8220;3.26.6&#8243; custom_padding=&#8220;||0px|||&#8220;]<\/p>\n<p style=\"text-align: left;\"><span class=\"tm5\">Das Leben VGs mit den Geschwistern Mimi (1895 \u2013 1971), Issy (1896 \u2013 1975) und August (1908 &#8211; 1985<\/span><span class=\"tm5\">) in der Gildewart zeichnet er selbst im Fragment einer Autobiografie im Stakkato: <em>\u201eMeine Jugendzeit, Kinderzeit, Handwerkerhaushalt, Spielplatz, Maschinen, Werkstatt, Holz Holz Holz. Aber auch Zeichnungen im Bureau meines Vaters<span style=\"font-size: large;\">\u201c (Helms 1976, S. 25).<\/span><\/em><\/span><\/p>\n<p>[\/et_pb_text][\/et_pb_column][et_pb_column type=&#8220;1_2&#8243; _builder_version=&#8220;3.26.6&#8243;][et_pb_image src=&#8220;https:\/\/vg-initiative.de\/wp-content\/uploads\/2021\/04\/VG_Familie-Osnabrueck_Museum-Wiesbaden_Archiv-Vordemberge-Gildewart.jpeg&#8220; _builder_version=&#8220;3.26.6&#8243; custom_margin=&#8220;-4px||18px|||&#8220;][\/et_pb_image][et_pb_text _builder_version=&#8220;3.26.6&#8243; text_line_height=&#8220;1em&#8220; custom_margin=&#8220;-20px|||||&#8220; custom_padding=&#8220;||0px|0px||&#8220;]<\/p>\n<p><span class=\"tm5\" style=\"font-size: small;\">VG 1916 mit seinen\u00a0Schwestern Marie (Mimi) und Luise (Izzy) und seinem Bruder August Rudolf Lichtenberg, Osnabr\u00fcck<br \/> <\/span><span style=\"font-size: x-small;\"><span class=\"tm5\">Quelle: Museum\u00a0<\/span>Wiesbaden, Archiv Friedrich Vordemberge-Gildewart<\/span><\/p>\n<p><span class=\"tm5\"><em><\/em><\/span><\/p>\n<p>[\/et_pb_text][\/et_pb_column][\/et_pb_row][et_pb_row column_structure=&#8220;1_2,1_2&#8243; _builder_version=&#8220;3.26.6&#8243; min_height=&#8220;545px&#8220; custom_padding=&#8220;2px||0px|||&#8220;][et_pb_column type=&#8220;1_2&#8243; _builder_version=&#8220;3.26.6&#8243;][et_pb_text _builder_version=&#8220;3.26.6&#8243; min_height=&#8220;98px&#8220; custom_padding=&#8220;||0px|||&#8220;]<\/p>\n<p style=\"text-align: left;\"><span><\/span><span>Dieser Ausschnitt aus dem historischen Lichtenberg-Foto der Gro\u00dfen Gildewart von 1910 l\u00e4sst das &#8211; von einem ge\u00f6ffneten Oberlichtfenster teilweise verdeckte &#8211; Firmenschild der Tischlerei Vordemberge erkennen.<\/span><span><\/span><\/p>\n<p>[\/et_pb_text][et_pb_text _builder_version=&#8220;3.26.6&#8243; min_height=&#8220;98px&#8220; custom_padding=&#8220;||0px|||&#8220;]<\/p>\n<p style=\"text-align: left;\"><span><\/span><span><span class=\"tm5\" style=\"font-size: 18px;\">Nach Beendigung der Schulzeit trat VG w\u00e4hrend des ersten Weltkriegs in der befreundeten Tischlerei Sch\u00fctze in der nahen Nobbenburger Stra\u00dfe eine Lehre an. Das Abschlusszeugnis mit seinem brillianten Notenspiegel ist erhalten<\/span><strong style=\"font-size: 18px;\"><span class=\"tm6\">\u00a0<\/span><\/strong><span class=\"tm5\" style=\"font-size: 18px;\">und bildet heute bei den j\u00e4hrlichen Lehrabschlusspr\u00fcfungen den Hintergrund f\u00fcr den seit 2013 vergebenen <a href=\"https:\/\/vg-initiative.de\/?page_id=2238#spurenpreis\">Vordemberge-Gildewart-Preis des Osnabr\u00fccker (Tischler-)Handwerks.<\/a><\/span><\/span><span><\/span><\/p>\n<p>[\/et_pb_text][\/et_pb_column][et_pb_column type=&#8220;1_2&#8243; _builder_version=&#8220;3.26.6&#8243;][et_pb_image src=&#8220;https:\/\/vg-initiative.de\/wp-content\/uploads\/2021\/02\/VG_Bild_2c-scaled-e1612885051994.jpg&#8220; _builder_version=&#8220;3.26.6&#8243; custom_margin=&#8220;||-3px|||&#8220; custom_padding=&#8220;||0px|||&#8220;][\/et_pb_image][et_pb_text _builder_version=&#8220;3.26.6&#8243; min_height=&#8220;47px&#8220; custom_margin=&#8220;-1px||1px|||&#8220; custom_padding=&#8220;3px||1px|||&#8220;]<\/p>\n<p><span style=\"font-size: x-small;\">Quelle: Rudolf Lichtenberg, Osnabr\u00fcck<\/span><\/p>\n<p>[\/et_pb_text][\/et_pb_column][\/et_pb_row][\/et_pb_section][et_pb_section fb_built=&#8220;1&#8243; _builder_version=&#8220;3.26.6&#8243; min_height=&#8220;404px&#8220; custom_margin=&#8220;-1px|||||&#8220; custom_padding=&#8220;5px||0px|||&#8220;][et_pb_row _builder_version=&#8220;3.26.6&#8243; min_height=&#8220;239px&#8220; custom_margin=&#8220;0px|auto||auto||&#8220; custom_padding=&#8220;25px|||||&#8220;][et_pb_column type=&#8220;4_4&#8243; _builder_version=&#8220;3.26.6&#8243;][et_pb_text module_id=&#8220;jugend-objekte&#8220; module_class=&#8220;text-anchor-offset&#8220; _builder_version=&#8220;3.26.6&#8243; custom_padding=&#8220;0px||1px|||&#8220;]<\/p>\n<p style=\"text-align: left;\"><strong>Objekte<\/strong><\/p>\n<p class=\"Normal\" style=\"text-align: left;\"><span class=\"tm5\">Noch bemerkenswerter ist jedoch das Gesellenst\u00fcck, ein volumin\u00f6ser niederdeutscher Schapp aus Kirschbaum, in der Dimension beeindruckend und \u00fcbers\u00e4t von Intarsien, wenn auch noch ohne jeden Hinweis auf die sp\u00e4teren konstruktiven Gestaltungsideen. Das M\u00f6bel selbst \u00fcbertraf in Material und Fertigung bei weitem den Anspruch an ein Gesellenst\u00fcck. Die Arbeit an diesem Werk war derart langwierig und zog sich mit Genehmigung der Wehrbeh\u00f6rden so lange hin, dass sie erst am Ende des 1. Weltkrieges abgeschlossen werden konnte und dem Auszubildenden \u2013 im Gegensatz zum \u00e4lteren, 1898 ebenfalls in Osnabr\u00fcck geborenen Erich Maria Remarque (weltber\u00fchmt durch &#8222;Im Westen nichts Neues&#8220;) \u2013 die Einberufung zum Milit\u00e4r ersp<span style=\"font-size: large;\">arte <\/span><span style=\"font-size: x-small;\"><span style=\"font-size: large;\"><em>(Helms 1993, S. 11, Anm. 1)<\/em>.<\/span><br \/> <\/span><\/span><\/p>\n<p>[\/et_pb_text][\/et_pb_column][\/et_pb_row][et_pb_row _builder_version=&#8220;3.26.6&#8243; width=&#8220;56.8%&#8220; min_height=&#8220;29px&#8220; custom_padding=&#8220;0px|0px|0px|||&#8220;][et_pb_column type=&#8220;4_4&#8243; _builder_version=&#8220;3.26.6&#8243;][et_pb_image src=&#8220;https:\/\/vg-initiative.de\/wp-content\/uploads\/2021\/02\/Image-010.jpg&#8220; title_text=&#8220;VGs Gesellenst\u00fcck&#8220; admin_label=&#8220;VSG Gesellenst\u00fcck &#8220; _builder_version=&#8220;3.26.6&#8243; width=&#8220;47%&#8220; width_tablet=&#8220;100%&#8220; width_phone=&#8220;100%&#8220; width_last_edited=&#8220;on|phone&#8220; module_alignment=&#8220;center&#8220; height_last_edited=&#8220;on|phone&#8220; max_height=&#8220;510px&#8220; custom_margin=&#8220;1px|auto|25px|auto|false|false&#8220;][\/et_pb_image][et_pb_text _builder_version=&#8220;3.26.6&#8243; text_text_align=&#8220;left&#8220; text_line_height=&#8220;1em&#8220; width=&#8220;74%&#8220; width_tablet=&#8220;100%&#8220; width_phone=&#8220;100%&#8220; width_last_edited=&#8220;on|phone&#8220; min_height=&#8220;33px&#8220; custom_margin=&#8220;-24px|||auto|false|false&#8220; custom_padding=&#8220;0px||0px|5px|false|false&#8220;]<\/p>\n<p><span style=\"font-size: small;\">VGs Gesellenst\u00fcck<br \/><\/span><span style=\"font-size: x-small;\">Quelle: Vordemberge-Gildewart-Preis \/ Preis des Osnabr\u00fccker Handwerks 2013<\/span><\/p>\n<p>[\/et_pb_text][\/et_pb_column][\/et_pb_row][\/et_pb_section][et_pb_section fb_built=&#8220;1&#8243; _builder_version=&#8220;3.26.6&#8243; min_height=&#8220;299px&#8220; custom_padding=&#8220;2px||0px|||&#8220;][et_pb_row module_id=&#8220;Jugend4&#8243; _builder_version=&#8220;3.26.6&#8243;][et_pb_column type=&#8220;4_4&#8243; _builder_version=&#8220;3.26.6&#8243;][et_pb_text _builder_version=&#8220;3.26.6&#8243; custom_margin=&#8220;-1px|||||&#8220; custom_padding=&#8220;||0px|||&#8220;]<\/p>\n<p style=\"text-align: left;\"><strong>Berufliche Kontakte<\/strong><\/p>\n<p class=\"Normal\" style=\"text-align: left;\"><span class=\"tm5\">Der Weg zur \u00dcbernahme des v\u00e4terlichen Betriebs und &#8211; darauf bezogen \u2013 die Aufnahme eines Studiums der Innenarchitektur schien vorgezeichnet.<\/span><span style=\"font-size: 18px;\">\u00a0D<\/span><span class=\"tm6\">er sp\u00e4tere \u00dcbergang zur konfliktreichen Existenz eines freien K\u00fcnstlers war noch nicht absehbar. <\/span><\/p>\n<p>[\/et_pb_text][\/et_pb_column][\/et_pb_row][et_pb_row _builder_version=&#8220;3.26.6&#8243; min_height=&#8220;83px&#8220; custom_margin=&#8220;|auto|-4px|auto||&#8220;][et_pb_column type=&#8220;4_4&#8243; _builder_version=&#8220;3.26.6&#8243;][et_pb_button button_url=&#8220;https:\/\/vg-initiative.de\/?page_id=1218&#8243; button_text=&#8220;weiter zur n\u00e4chsten Lebensphase&#8220; button_alignment=&#8220;center&#8220; _builder_version=&#8220;3.26.6&#8243;][\/et_pb_button][\/et_pb_column][\/et_pb_row][\/et_pb_section]<\/p>\n","protected":false},"excerpt":{"rendered":"<p>Jugend 1899 &#8211; 1919Etwas zur Familiengeschichte: Vom Hof &#8222;Vor dem Berge&#8220; zur Tischlerei in der Osnabr\u00fccker Altstadt. Gro\u00dfe Gildewart um 1910Quelle: Rudolf Lichtenberg, Osnabr\u00fcckAktivit\u00e4ten Am 17. November 1899 wurde Friedrich Vordemberge-Gildewart in Osnabr\u00fcck, Gro\u00dfe Gildewart 27 geboren. Die Eltern hatten das f\u00fcr einen Handwerker ungew\u00f6hnlich repr\u00e4sentative Geb\u00e4ude wohl auch zusammen mit der Werkstatt 1893\u00a0vom Tischler [&hellip;]<\/p>\n","protected":false},"author":4,"featured_media":0,"parent":0,"menu_order":0,"comment_status":"closed","ping_status":"closed","template":"","meta":{"_et_pb_use_builder":"on","_et_pb_old_content":"","_et_gb_content_width":"","footnotes":""},"class_list":["post-1205","page","type-page","status-publish","hentry"],"_links":{"self":[{"href":"https:\/\/vg-initiative.de\/index.php?rest_route=\/wp\/v2\/pages\/1205"}],"collection":[{"href":"https:\/\/vg-initiative.de\/index.php?rest_route=\/wp\/v2\/pages"}],"about":[{"href":"https:\/\/vg-initiative.de\/index.php?rest_route=\/wp\/v2\/types\/page"}],"author":[{"embeddable":true,"href":"https:\/\/vg-initiative.de\/index.php?rest_route=\/wp\/v2\/users\/4"}],"replies":[{"embeddable":true,"href":"https:\/\/vg-initiative.de\/index.php?rest_route=%2Fwp%2Fv2%2Fcomments&post=1205"}],"version-history":[{"count":147,"href":"https:\/\/vg-initiative.de\/index.php?rest_route=\/wp\/v2\/pages\/1205\/revisions"}],"predecessor-version":[{"id":4103,"href":"https:\/\/vg-initiative.de\/index.php?rest_route=\/wp\/v2\/pages\/1205\/revisions\/4103"}],"wp:attachment":[{"href":"https:\/\/vg-initiative.de\/index.php?rest_route=%2Fwp%2Fv2%2Fmedia&parent=1205"}],"curies":[{"name":"wp","href":"https:\/\/api.w.org\/{rel}","templated":true}]}}