{"id":1228,"date":"2020-07-01T20:28:06","date_gmt":"2020-07-01T18:28:06","guid":{"rendered":"https:\/\/vg-initiative.de\/?page_id=1228"},"modified":"2023-07-09T12:04:44","modified_gmt":"2023-07-09T10:04:44","slug":"verfolgung-und-exil-v2","status":"publish","type":"page","link":"https:\/\/vg-initiative.de\/?page_id=1228","title":{"rendered":"Verfolgung und Exil"},"content":{"rendered":"<p>[et_pb_section fb_built=&#8220;1&#8243; _builder_version=&#8220;4.16&#8243; background_color=&#8220;#07a1e2&#8243; background_enable_image=&#8220;off&#8220; background_position=&#8220;center_right&#8220; min_height=&#8220;768px&#8220; max_height=&#8220;768px&#8220; custom_margin=&#8220;0px||0px||false|false&#8220; custom_padding=&#8220;55px||0px|||&#8220; custom_css_main_element=&#8220;background-position: center center;&#8220; global_colors_info=&#8220;{}&#8220;][et_pb_row column_structure=&#8220;1_2,1_2&#8243; _builder_version=&#8220;4.16&#8243; width=&#8220;100%&#8220; max_width=&#8220;90%&#8220; min_height=&#8220;34px&#8220; custom_margin=&#8220;||0px||false|false&#8220; custom_padding=&#8220;1px||0px||false|false&#8220; global_colors_info=&#8220;{}&#8220;][et_pb_column type=&#8220;1_2&#8243; _builder_version=&#8220;4.16&#8243; global_colors_info=&#8220;{}&#8220;][et_pb_text _builder_version=&#8220;4.16&#8243; custom_margin=&#8220;||29px|||&#8220; global_colors_info=&#8220;{}&#8220;]<\/p>\n<h1><strong><span style=\"color: #ffffff;\">Verfolgung und Exil<\/span><\/strong><br \/>\n<strong><span style=\"color: #ffffff;\">1933 &#8211; 1949<\/span><\/strong><\/h1>\n<p>[\/et_pb_text][et_pb_text _builder_version=&#8220;4.16&#8243; custom_margin=&#8220;16px|||||&#8220; global_colors_info=&#8220;{}&#8220;]<\/p>\n<p><span style=\"color: #ffffff;\">Die Machtergreifung der Nationalsozialisten zwingt das Ehepaar Vordemberge-Leda ins Exil nach Amsterdam, wo sie dank guter Freunde dem Tod entrinnen und schlie\u00dflich selbst niederl\u00e4ndische Staatsangeh\u00f6rige werden.<\/span><\/p>\n<p>[\/et_pb_text][\/et_pb_column][et_pb_column type=&#8220;1_2&#8243; _builder_version=&#8220;4.16&#8243; custom_css_main_element=&#8220;display: flex;&#8220; global_colors_info=&#8220;{}&#8220;][et_pb_text _builder_version=&#8220;4.16&#8243; text_line_height=&#8220;1em&#8220; width=&#8220;39.1%&#8220; min_height=&#8220;47px&#8220; custom_margin=&#8220;|30px|||false|false&#8220; custom_css_main_element=&#8220;align-self: flex-end;&#8220; global_colors_info=&#8220;{}&#8220;]<\/p>\n<p style=\"text-align: right;\"><span style=\"color: #ffffff; font-size: x-small;\">Max Beckmann: Portrait Friedrich Vordemberge-Gildewart 1942<\/span><br \/>\n<span style=\"color: #ffffff; font-size: x-small;\"> Quelle: Museum Wiesbaden, Archiv Friedrich Vordemberge-Gildewart<\/span><\/p>\n<p>[\/et_pb_text][et_pb_image src=&#8220;https:\/\/vg-initiative.de\/wp-content\/uploads\/2021\/02\/Beckmann-Drawing-of-Vordemberge-Gildewart_Z-1188-e1616172691807.jpeg&#8220; align=&#8220;right&#8220; _builder_version=&#8220;4.16&#8243; width=&#8220;70%&#8220; width_tablet=&#8220;40%&#8220; width_phone=&#8220;&#8220; width_last_edited=&#8220;on|phone&#8220; custom_margin=&#8220;112px||40px||false|false&#8220; custom_margin_tablet=&#8220;50px||||false|false&#8220; custom_margin_phone=&#8220;0px||||false|false&#8220; custom_margin_last_edited=&#8220;on|phone&#8220; global_colors_info=&#8220;{}&#8220;][\/et_pb_image][\/et_pb_column][\/et_pb_row][\/et_pb_section][et_pb_section fb_built=&#8220;1&#8243; _builder_version=&#8220;4.16&#8243; custom_margin=&#8220;0px||0px||false|false&#8220; custom_padding=&#8220;55px||0px|||&#8220; global_colors_info=&#8220;{}&#8220;][et_pb_row _builder_version=&#8220;4.16&#8243; min_height=&#8220;353px&#8220; custom_padding=&#8220;3px|||||&#8220; global_colors_info=&#8220;{}&#8220;][et_pb_column type=&#8220;4_4&#8243; _builder_version=&#8220;4.16&#8243; global_colors_info=&#8220;{}&#8220;][et_pb_text module_id=&#8220;Exil1&#8243; module_class=&#8220;text-anchor-offset&#8220; _builder_version=&#8220;4.16&#8243; custom_padding=&#8220;50px||0px||false|false&#8220; global_colors_info=&#8220;{}&#8220;]<\/p>\n<p><strong>Aktivit\u00e4ten<\/strong><\/p>\n<p class=\"Normal\"><span class=\"tm5\">Die Machtergreifung 1933 beendete f\u00fcr die Hannoveraner Kunst- und Kulturszene einen Lebensabschnitt:<\/span><span class=\"tm6\">\u00a0<\/span><\/p>\n<p><span class=\"tm5\">Hans Nitzschke (beschr\u00e4nkt auf Architektur, 1944 gefallen)<br \/> <\/span><span>Carl Buchheister (Malverbot)<br \/> <\/span><span>Rudolf Jahns (Malverbot)<br \/> <\/span><span><a href=\"https:\/\/de.wikipedia.org\/wiki\/Kurt_Schwitters\">Kurt Schwitters<\/a> (Exil Norwegen)<br \/> <\/span><span>Cesar Domela (Exil Paris)<br \/> <\/span><span>K\u00e4the Steinitz (Exil USA)<br \/> <\/span><span>Alexander Dorner (Exil USA)<\/span><\/p>\n<p class=\"Normal\">So erging es auch dem an dieser missliebigen Kunstbewegung beteiligten Sohn der Osnabr\u00fccker Familie Vordemberge.<\/p>\n<p>[\/et_pb_text][\/et_pb_column][\/et_pb_row][et_pb_row column_structure=&#8220;1_2,1_2&#8243; _builder_version=&#8220;4.16&#8243; custom_padding=&#8220;||0px|||&#8220; global_colors_info=&#8220;{}&#8220;][et_pb_column type=&#8220;1_2&#8243; _builder_version=&#8220;4.16&#8243; global_colors_info=&#8220;{}&#8220;][et_pb_text _builder_version=&#8220;4.16&#8243; custom_margin=&#8220;||-4px|||&#8220; global_colors_info=&#8220;{}&#8220;]<\/p>\n<p style=\"text-align: left;\">W\u00e4hrend viele (nicht nur) aus der Kulturwelt\u00a0ihr Leben neu ausrichten\u00a0mu\u00dften, gab es\u00a0gleichzeitig auch viele andere, die sich der\u00a0neuen Zeit\u00a0einfach\u00a0anpassten, ohne selbst\u00a0aktive Nazis zu sein. Dieses gilt,\u00a0wie\u00a0ein privates Foto\u00a0aus dem Familienalbum\u00a0zeigt,\u00a0auch f\u00fcr die Familie\u00a0Vordemberge in der\u00a0Gro\u00dfen Gildewart<\/p>\n<p class=\"Normal\" style=\"text-align: left;\"><span class=\"tm5\">So hei\u00dft es in einer handschriftlichen Einladung\u00a0von August Vordemberge am\u00a030. Juni 1933\u00a0&#8222;Anl\u00e4\u00dflich des 40j\u00e4hrigen Bestehens meines\u00a0Gesch\u00e4ftes habe ich\u00a0meine Gesellen u.\u00a0Lehrlinge auf kommenden Sonnabendabend\u00a01\/2 8 Uhr zu\u00a0einem kl. gem\u00fctlichen\u00a0Beisammensein auf der Werkstatt eingeladen.&#8220;<\/span><\/p>\n<p class=\"Normal\" style=\"text-align: left;\"><span class=\"tm5\"><\/span><\/p>\n<p>[\/et_pb_text][\/et_pb_column][et_pb_column type=&#8220;1_2&#8243; _builder_version=&#8220;4.16&#8243; global_colors_info=&#8220;{}&#8220;][et_pb_image src=&#8220;https:\/\/vg-initiative.de\/wp-content\/uploads\/2023\/07\/vg1933.jpg&#8220; title_text=&#8220;vg1933&#8243; align=&#8220;right&#8220; force_fullwidth=&#8220;on&#8220; _builder_version=&#8220;4.20.4&#8243; min_height=&#8220;355px&#8220; min_height_tablet=&#8220;&#8220; min_height_phone=&#8220;&#8220; min_height_last_edited=&#8220;on|desktop&#8220; custom_margin=&#8220;||1px|||&#8220; hover_enabled=&#8220;0&#8243; global_colors_info=&#8220;{}&#8220; sticky_enabled=&#8220;0&#8243;][\/et_pb_image][et_pb_text _builder_version=&#8220;4.16&#8243; min_height=&#8220;11px&#8220; custom_margin=&#8220;-5px|||||&#8220; custom_padding=&#8220;0px||0px|||&#8220; global_colors_info=&#8220;{}&#8220;]<\/p>\n<p><span style=\"font-size: x-small;\">Quelle: Privat<\/span><\/p>\n<p>[\/et_pb_text][\/et_pb_column][\/et_pb_row][et_pb_row _builder_version=&#8220;4.16&#8243; custom_margin=&#8220;2px|auto||auto||&#8220; global_colors_info=&#8220;{}&#8220;][et_pb_column type=&#8220;4_4&#8243; _builder_version=&#8220;4.16&#8243; global_colors_info=&#8220;{}&#8220;][et_pb_text _builder_version=&#8220;4.16&#8243; custom_margin=&#8220;-13px|||||&#8220; global_colors_info=&#8220;{}&#8220;]<\/p>\n<p class=\"Normal\"><span class=\"tm5\">Neben\u00a0dem\u00a0Chef selbstverst\u00e4ndlich mit\u00a0dabei sind die Ehefrau\u00a0und ihre Kinder &#8211;\u00a0nur eben nicht Friedrich,<br \/> der K\u00fcnstler-Sohn.<\/span><\/p>\n<p class=\"Normal\"><span class=\"tm5\">\u201eDie Zahlen 25 und 35 in den beiden Wimpeln d\u00fcrften sich \u2013 so hei\u00dft es fast 80 Jahre danach in einem privaten Kommentar &#8211; deshalb auf weitere Betriebsjubil\u00e4en von teils langj\u00e4hrigen Mitarbeitern beziehen, analog w\u00e4re dann in der gro\u00dfen Fahne eine \u201e40\u201c zu vermuten\u201c \u2013 die sich im neuen Geist der Zeit kommentarlos dem Hakenkreuz unterordnete.<\/span><\/p>\n<p>[\/et_pb_text][\/et_pb_column][\/et_pb_row][et_pb_row _builder_version=&#8220;4.16&#8243; min_height=&#8220;236px&#8220; custom_padding=&#8220;5px||0px|||&#8220; global_colors_info=&#8220;{}&#8220;][et_pb_column type=&#8220;4_4&#8243; _builder_version=&#8220;4.16&#8243; global_colors_info=&#8220;{}&#8220;][et_pb_text _builder_version=&#8220;4.16&#8243; custom_padding=&#8220;0px|||||&#8220; global_colors_info=&#8220;{}&#8220;]<\/p>\n<div class=\"\" style=\"text-align: left;\">In einem Schreiben an den italo-schweizer Architekten und Kunstpromoter <a href=\"https:\/\/www.e-periodica.ch\/cntmng?pid=hoc-001:1990:3::1461\">Alberto Sartoris<\/a> am 8.6.1933 hei\u00dft es:<\/div>\n<div class=\"\" style=\"text-align: left;\">&#8222;erst heute komme ich dazu, ihren brief zu beantworten. an zeit hat es wirklich nicht gefehlt, aber die stimmung ist so trostlos, dass ich ganz krank bin. trotzdem ich mir immer m\u00fche gebe, die nerven zu schonen, gehen sie schon manchmal durch. kein freund oder kollege besucht den anderen, jeder vegetiert total abgeschlossen dahin, aber nicht etwa um intensiv zu arbeiten\u2014 nein, um nur nicht das ewige thema der kulturellen und wirtschaftlichen misere zu h\u00f6ren. meine pers\u00f6nliche lage ist einfach wunderbar: kein geld, keine auftr\u00e4ge f\u00fcr architektur und grafik. nichts r\u00fchrt sich! und dazu die nerv\u00f6se stimmung.\u201c <span style=\"font-size: x-small;\">Quelle: Helms I, S. 210<\/span><\/div>\n<p>[\/et_pb_text][\/et_pb_column][\/et_pb_row][et_pb_row _builder_version=&#8220;4.16&#8243; custom_margin=&#8220;|auto|-4px|auto||&#8220; custom_padding=&#8220;3px||3px|||&#8220; global_colors_info=&#8220;{}&#8220;][et_pb_column type=&#8220;4_4&#8243; _builder_version=&#8220;4.16&#8243; global_colors_info=&#8220;{}&#8220;][et_pb_text _builder_version=&#8220;4.16&#8243; global_colors_info=&#8220;{}&#8220;]<\/p>\n<p style=\"text-align: left;\">Laut einem Schreiben vom 17.8.1945 an <a href=\"https:\/\/de.wikipedia.org\/wiki\/Justus_Bier\">Dr. Justus Bier<\/a>, dem vormaligen Leiter der Kestner-Gesellschaft <span style=\"font-size: x-small;\">(in Helms II, 1997)<\/span> wiederholt sich diese Situation w\u00e4hrend des Krieges und in der Zeit danach: \u201eder kunst geht es gut. doch wie geht es dem k\u00fcnstler?\u201c<\/p>\n<p style=\"text-align: left;\">Nach dem Verlust s\u00e4mtlicher Hannoveraner Auftr\u00e4ge, seiner Lebensgrundlage also, glaubte Friedrich mit seiner j\u00fcdischen Ehefrau Ilse Leda 1936 noch an eine gemeinsame Neuausrichtung in der eher anonymen Gro\u00dfstadt Berlin. Was zun\u00e4chst auch nicht unrealistisch schien, da Ilse Leda unter dem Protektorat des j\u00fcdischen Kulturbundes, die M\u00f6glichkeit erhielt, eine j\u00fcdische Tanzgruppe zu gr\u00fcnden und in dieser u.a. die Solorolle in Strawinkys &#8222;Geschichte der Soldaten&#8220; \u00fcbernehmen konnte. Damit verbunden war auch die Hoffnung auf anschlie\u00dfende Auslandsengagements.<\/p>\n<p style=\"text-align: left;\">Diese kleinen Anzeichen von Normalit\u00e4t relativierten sich f\u00fcr das Ehepaar Vordemberge-Gildewart sp\u00e4testens mit der Entfernung seines Bildes K 33 aus dem Osnabr\u00fccker Museum und dessen Pr\u00e4sentation im Rahmen der Berliner Ausstellung zur \u201eentarteten Kunst\u201c 1937<\/p>\n<p>[\/et_pb_text][\/et_pb_column][\/et_pb_row][et_pb_row _builder_version=&#8220;4.16&#8243; custom_margin=&#8220;-1px|auto||auto||&#8220; global_colors_info=&#8220;{}&#8220;][et_pb_column type=&#8220;4_4&#8243; _builder_version=&#8220;4.16&#8243; global_colors_info=&#8220;{}&#8220;][et_pb_image src=&#8220;https:\/\/vg-initiative.de\/wp-content\/uploads\/2021\/04\/Bilderrahmen-neu2.jpg&#8220; url=&#8220;https:\/\/vordemberge-gildewart.eu\/the-new-oeuvre\/catalogue\/paintings\/k-33\/&#8220; align=&#8220;center&#8220; _builder_version=&#8220;4.16&#8243; background_image=&#8220;https:\/\/vg-initiative.de\/wp-content\/uploads\/2021\/03\/Bilderrahmen.jpg&#8220; background_size=&#8220;contain&#8220; custom_margin=&#8220;-3px||4px|||&#8220; global_colors_info=&#8220;{}&#8220;][\/et_pb_image][et_pb_text _builder_version=&#8220;4.16&#8243; min_height=&#8220;28px&#8220; custom_margin=&#8220;3px||-1px|||&#8220; custom_padding=&#8220;0px||0px|||&#8220; link_option_url=&#8220;https:\/\/vordemberge-gildewart.eu\/the-new-oeuvre\/catalogue\/paintings\/k-33\/&#8220; global_colors_info=&#8220;{}&#8220;]<\/p>\n<p style=\"text-align: center;\"><span style=\"font-size: small;\">Dies ist ein Link zur Komposition &#8222;K33&#8220;\u00a0<\/span><\/p>\n<p>[\/et_pb_text][\/et_pb_column][\/et_pb_row][et_pb_row _builder_version=&#8220;4.16&#8243; min_height=&#8220;74px&#8220; custom_padding=&#8220;2px||5px|||&#8220; global_colors_info=&#8220;{}&#8220;][et_pb_column type=&#8220;4_4&#8243; _builder_version=&#8220;4.16&#8243; global_colors_info=&#8220;{}&#8220;][et_pb_text _builder_version=&#8220;4.16&#8243; custom_margin=&#8220;||-3px|||&#8220; global_colors_info=&#8220;{}&#8220;]<\/p>\n<p style=\"text-align: left;\">Eine Spur immerhin ist erhalten geblieben: in einer von der nationalsozialistischen Kultusb\u00fcrokratie erstellten umfassenden Dokumentation der in der Aktion &#8222;Entartete Kunst&#8220; beschlagnahmten Bilder findet sich auch diese Eintragung.<\/p>\n<p>[\/et_pb_text][\/et_pb_column][\/et_pb_row][et_pb_row _builder_version=&#8220;4.16&#8243; custom_padding=&#8220;0px|||||&#8220; global_colors_info=&#8220;{}&#8220;][et_pb_column type=&#8220;4_4&#8243; _builder_version=&#8220;4.16&#8243; global_colors_info=&#8220;{}&#8220;][et_pb_image src=&#8220;https:\/\/vg-initiative.de\/wp-content\/uploads\/2020\/07\/x.jpg&#8220; _builder_version=&#8220;4.16&#8243; custom_margin=&#8220;||1px|||&#8220; custom_padding=&#8220;0px||0px|||&#8220; global_colors_info=&#8220;{}&#8220;][\/et_pb_image][et_pb_text _builder_version=&#8220;4.16&#8243; min_height=&#8220;2px&#8220; custom_margin=&#8220;-16px||-2px|||&#8220; custom_padding=&#8220;6px||5px|25px||&#8220; global_colors_info=&#8220;{}&#8220;]<\/p>\n<p><span class=\"tm5\" style=\"font-size: x-small;\"><span style=\"font-size: small;\">&#8222;Londoner Inventar&#8220; mit dem Eintrag zum St\u00e4dtischen Museum Osnabr\u00fcck, Kladde, Schreibmaschine, Berlin 1942,<\/span> Quelle: Victoria and Albert Museum London<\/span><\/p>\n<p>[\/et_pb_text][\/et_pb_column][\/et_pb_row][et_pb_row _builder_version=&#8220;4.16&#8243; custom_margin=&#8220;-2px|auto||auto||&#8220; custom_padding=&#8220;2px|||||&#8220; global_colors_info=&#8220;{}&#8220;][et_pb_column type=&#8220;4_4&#8243; _builder_version=&#8220;4.16&#8243; global_colors_info=&#8220;{}&#8220;][et_pb_text _builder_version=&#8220;4.16&#8243; custom_margin=&#8220;||-3px|||&#8220; global_colors_info=&#8220;{}&#8220;]<\/p>\n<p class=\"Normal tm5\" style=\"text-align: left;\"><span class=\"tm7\"><span class=\"tm5\">Als eine gl\u00fcckliche F\u00fcgung erschien 1937-38 dem inzwischen fast mittellosen Ehepaar daher die Einladung von <a href=\"https:\/\/de.wikipedia.org\/wiki\/Carola_Giedion-Welcker\">Carola Giedeon-Welcker<\/a> und <a href=\"https:\/\/de.wikipedia.org\/wiki\/Max_Bill\">Max Bill<\/a> in die Schweiz. Ein Daueraufenthalt lie\u00df sich gegen\u00fcber den Schweizer Beh\u00f6rden nicht durchsetzen; im Gegenteil: Max Bill musste sich auf Grund seiner gro\u00dfz\u00fcgigen Hilfe f\u00fcr politisch Verfolgte selbst Ma\u00dfnahmen der Schweizer Obrigkeit stellen.<\/span>\u00a0<\/span><\/p>\n<p class=\"Normal tm5\" style=\"text-align: left;\"><span class=\"tm7\">Auch die Aufnahme in die Niederlande erwies sich als h\u00f6chst problematisch:\u00a0ein von Johanna Lohse-James im Archiv des Instituts f\u00fcr Geschichte und Theorie der Architektur eta der ETH Z\u00fcrich aufgefundener und bisher noch nicht ver\u00f6ffentlichter Brief von Ilse Vordemberge-Leda aus Amsterdam an den Schweizer Architekten Alfred Roth vom 28. Oktober 1938 zeigt das ganze Elend der aus der Heimat Vertriebenen:\u00a0<\/span><\/p>\n<p style=\"text-align: left;\"><span class=\"tm7\">\u201eDenken Sie, wir haben vor 2 Tagen vom Justizminister den Bescheid bekommen, dass unser Gesuch um Aufenthalt abgelehnt worden ist. Man nahm uns unsere P\u00e4sse auf der Polizei ab und bedeutete uns, dass wir am 16.XI. das Land zu verlassen h\u00e4tten, da wir keine Gestandsmittel bes\u00e4ssen. [&#8230;] <\/span><span style=\"font-size: 18px;\">Man ist hier der Meinung, dass die Fremdenpolizei unseren Rausschmiss hinausschiebt, wenn wir erstens beweisen k\u00f6nnen, dass wir uns mit einem anderen Land in Verbindung gesetzt haben, und zweitens, dass wir w\u00e4hrend der Zeit dieser Versuche von irgendeiner Seite mit einem Geldbetrag ausgeholfen werden, der der Polizei die Gew\u00e4hr gibt, dass wir keiner Unterst\u00fctzungskasse zur Last fallen.\u201c<br \/> <\/span><\/p>\n<p class=\"Normal tm5\" style=\"text-align: left;\"><span style=\"font-size: 18px;\">Und am Schluss des 4-seitigen handgeschriebenen Briefes, wie ein PS.:\u00a0<\/span><span class=\"tm8\" style=\"font-size: 18px;\">\u201eVordemberge hat von der Kulturkammer in Berlin den Bescheid bekommen, dass man ihn ausgeschlossen hat und dass ihm das Arbeiten auf jedem Gebiet nunmehr strengstens untersagt wird. Aus diesem und anderen Gr\u00fcnden ist eine R\u00fcckkehr nach Deutschland unm\u00f6glich.<\/span><span class=\"tm7\" style=\"font-size: 18px;\">\u201c<\/span><\/p>\n<p class=\"Normal tm5\" style=\"text-align: left;\"><span style=\"font-size: 18px;\"><span class=\"tm7\"><span class=\"tm7\">Geld und Schmuck h\u00e4tten jetzt gute Dienste leisten k\u00f6nnen (offenbar abhanden gekommen); ein Affidavit f\u00fcr die USA zu kriegen sei kein Kinderspiel und koste Zeit, Zeit, Zeit.<\/span><\/span><\/span><\/p>\n<p class=\"Normal tm5\" style=\"text-align: left;\"><span style=\"font-size: 18px;\"><span class=\"tm7\"><span class=\"tm7\">Schlie\u00dflich gl\u00fcckte dann die Emigration in die Niederlande doch noch, wobei Ilse Leda verwandtschaftliche Beziehungen und VG die 1925 erfolgte Aufnahme in die niederl\u00e4ndische K\u00fcnstlergruppe <a href=\"https:\/\/de.wikipedia.org\/wiki\/De_Stijl\">de stijl<\/a> zu Gute kamen. Hier konnte er seine k\u00fcnstlerische Arbeit fortsetzen, erste Auftr\u00e4ge ausf\u00fchren und sich an internationalen Ausstellungen (u. a. an \u201eModern German Art\u201c, der Londoner Gegenausstellung zur \u201eentarteten Kunst\u201c) beteiligen. Als \u00fcberlebenswichtig erwiesen sich die Kontakte zum Kurator und sp\u00e4teren Direktor des <a href=\"https:\/\/www.stedelijk.nl\/en\/de\">Stedelijk Museum<\/a> <a href=\"https:\/\/de.wikipedia.org\/wiki\/Willem_Sandberg\">Willem Sandberg<\/a> und dem Verleger und Drucker <a href=\"https:\/\/nl.wikipedia.org\/wiki\/Frans_Duwaer\">Frans Duwaer<\/a>, der ihm Auftr\u00e4ge als Werbegrafiker und Typograph vermittelte und zum vertrauten Freund wurde.<\/span><\/span><\/span><\/p>\n<p class=\"Normal tm5\" style=\"text-align: left;\"><span style=\"font-size: 18px;\"><span class=\"tm7\"><span class=\"tm7\"><span class=\"tm5\">Im Mai 1940 begann im Gefolge der\u00a0deutschen\u00a0Besetzung der Niederlande und der Einrichtung\u00a0des <a href=\"https:\/\/de.wikipedia.org\/wiki\/Reichskommissariat_Niederlande#:~:text=Das%20Reichskommissariat%20Niederlande%20(auch%20als,Niederlande%20w%C3%A4hrend%20des%20Zweiten%20Weltkrieges\">Reichskommissariats f\u00fcr die besetzten\u00a0niederl\u00e4ndischen Gebiete<\/a> auch f\u00fcr das Ehepaar\u00a0Vordemberge eine Periode h\u00f6chster pers\u00f6nlicher\u00a0Gef\u00e4hrdung.\u00a0<\/span><span class=\"tm6\"><\/span><span class=\"tm5\">Die Umst\u00e4nde, mit\u00a0Hakenkreuzstempel dokumentiert in der<br \/> Bescheinigung vom 20. 8. 1942 des\u00a0\u201eReichskommissariats f\u00fcr die besetzten\u00a0niederl\u00e4ndischen Gebiete\u201c \u2013 als Kopie im Besitz\u00a0des Felix-Nussbaum-Hauses, Original im\u00a0VG-Archiv in Wiesbaden &#8211; , wonach\u00a0&#8222;<\/span><em><span class=\"tm6\">Ilse Sara Vordemberge, geb. Leda, J\u00fcdin,\u00a0in Mischehe lebt mit Friedrich Vordemberge,\u00a0Arier&#8220;<\/span><\/em><span class=\"tm5\">, erschrecken noch heute.<\/span>\u00a0<\/span><\/span><\/span><\/p>\n<p>[\/et_pb_text][\/et_pb_column][\/et_pb_row][et_pb_row _builder_version=&#8220;4.16&#8243; custom_padding=&#8220;3px|||||&#8220; global_colors_info=&#8220;{}&#8220;][et_pb_column type=&#8220;4_4&#8243; _builder_version=&#8220;4.16&#8243; global_colors_info=&#8220;{}&#8220;][et_pb_image src=&#8220;https:\/\/vg-initiative.de\/wp-content\/uploads\/2021\/03\/Vordemberge-Gildewart-Repro-von-Foto-Karte-Mischehe_Foto-Hermann-Pentermann.jpeg&#8220; align=&#8220;center&#8220; _builder_version=&#8220;4.16&#8243; custom_margin=&#8220;||-3px|||&#8220; global_colors_info=&#8220;{}&#8220;][\/et_pb_image][et_pb_text _builder_version=&#8220;4.16&#8243; width=&#8220;80%&#8220; width_tablet=&#8220;100%&#8220; width_phone=&#8220;&#8220; width_last_edited=&#8220;on|phone&#8220; min_height=&#8220;25px&#8220; custom_margin=&#8220;|||auto|false|false&#8220; custom_padding=&#8220;||0px|2px||&#8220; global_colors_info=&#8220;{}&#8220;]<\/p>\n<p><span style=\"font-size: x-small;\">Quelle: Museum Wiesbaden, Archiv Friedrich Vordemberge-Gildewart<\/span><\/p>\n<p>[\/et_pb_text][\/et_pb_column][\/et_pb_row][et_pb_row _builder_version=&#8220;4.16&#8243; min_height=&#8220;587px&#8220; custom_padding=&#8220;5px|||||&#8220; global_colors_info=&#8220;{}&#8220;][et_pb_column type=&#8220;4_4&#8243; _builder_version=&#8220;4.16&#8243; global_colors_info=&#8220;{}&#8220;][et_pb_text _builder_version=&#8220;4.16&#8243; custom_margin=&#8220;-2px|||||&#8220; global_colors_info=&#8220;{}&#8220;]<\/p>\n<p><span class=\"tm5\">Nach einer Anstellung 1939 als Sekret\u00e4rin beim J\u00fcdischen Fl\u00fcchtlingskomitee wurde\u00a0<\/span><span>Ilse Leda Mitarbeiterin des von den Faschisten eingesetzten, 1943 aufgel\u00f6sten Judenrats, ohne dass dies eine generelle Freistellung von der Judenverfolgung bedeutet h\u00e4tte. VG konnte 1940 illegal noch seinen Gedichtband \u201emillimeter und geraden\u201c und 1944 als Schriftleiter bei der Druckerei Duwaer 2 B\u00fccher erscheinen lassen:\u00a0<\/span><span class=\"tm5\">zu Jean Arp: \u201erire de coquille\u201c und Kandinsky \u201e11 tableaux et 7 po\u00e8mes\u201c.<\/span><span style=\"font-size: 18px;\">\u00a0<\/span><\/p>\n<p class=\"Normal\"><span class=\"tm6\">Nach der Befreiung \u00e4u\u00dfert er sich hierzu selbst: <\/span><\/p>\n<p class=\"Normal\"><span class=\"tm6\">&#8222;<\/span><span class=\"tm5\">Man muss es schon selbst mitgemacht haben, um ermessen zu k\u00f6nnen, was ein illegales Buch in seiner Zeit bedeuten kann. Wenn man des Abends so ohne Licht und vielleicht in der K\u00e4lte die k\u00fcmmerlichen Stunden verbringen musste, weil seit 7 oder 8 Uhr Ausgehverbot war, und dennoch sp\u00e4t am Abend ein Ger\u00e4usch an der Haust\u00fcr einen aufspringen lie\u00df und man dann eines dieser B\u00fccher vorfand, war der Freude kein Ende. Trotz Hunger und Angst wusste man, dass irgendwo Freunde gleichen Geistes t\u00e4tig waren. Ein Gl\u00fcckseligkeitsgef\u00fchl durchstr\u00f6mte einen und man verga\u00df oder \u00fcberh\u00f6rte die Schritte der Gestapo auf der Stra\u00dfe, die wieder einmal Juden oder Nicht-Juden aus den Wohnungen holte.\u201c<\/span><span style=\"font-size: x-small;\"> (Quelle: Helms 1976, S. 35)\u00a0<\/span><\/p>\n<p class=\"Normal\"><span class=\"tm5\">Die beiden wichtigsten niederl\u00e4ndischen Bezugspersonen Vordemberge-Gildewarts waren bemerkenswerterweise Angeh\u00f6rige des Widerstands: <a href=\"https:\/\/de.wikipedia.org\/wiki\/Willem_Sandberg\">Willem Sandberg<\/a> musste bzw. konnte rechtzeitig untertauchen, <a href=\"https:\/\/nl.wikipedia.org\/wiki\/Frans_Duwaer\">Frans Duwaer<\/a> dagegen wurde auf Grund seiner Beteiligung an gro\u00dfangelegten Passf\u00e4lschungen im Juni 1944 von der Gestapo erschossen. Das \u00dcberleben des Ehepaars Vordemberge angesichts dieser extrem gef\u00e4hrliche N\u00e4he zum Widerstand hat zu der Vermutung gef\u00fchrt, dass es sich hierbei um mehr als unwahrscheinliches \u201eGl\u00fcck\u201c, als vielmehr um das Ergebnis einer noch aufzukl\u00e4renden Schutzstrategie handeln m\u00fcsste. Zur Kl\u00e4rung dieser widerspr\u00fcchlichen Auff\u00e4lligkeit sind in den niederl\u00e4ndischen Archiven inzwischen Forschungsarbeiten angelaufen.<\/span>\u00a0<\/p>\n<p>[\/et_pb_text][\/et_pb_column][\/et_pb_row][et_pb_row column_structure=&#8220;1_2,1_2&#8243; _builder_version=&#8220;4.16&#8243; custom_margin=&#8220;|||auto|false|false&#8220; global_colors_info=&#8220;{}&#8220;][et_pb_column type=&#8220;1_2&#8243; _builder_version=&#8220;4.16&#8243; global_colors_info=&#8220;{}&#8220;][et_pb_text _builder_version=&#8220;4.16&#8243; width=&#8220;100%&#8220; custom_margin=&#8220;|13px||||&#8220; global_colors_info=&#8220;{}&#8220;]<\/p>\n<p class=\"Normal\" style=\"text-align: left;\"><span class=\"tm5\">\u00dcberlebenswichtig in diesen Jahren der Verfolgung war f\u00fcr VG ab 1941 \u2013 trotz gegens\u00e4tzlicher Kunstauffassungen &#8211; die regelm\u00e4\u00dfigen Treffen mit <a href=\"https:\/\/kuenste-im-exil.de\/KIE\/Content\/DE\/Objekte\/beckmann-gemuese.html?single=1\">Max Beckmann<\/a>, den es ebenfalls ins Exil nach Amsterdam gezwungen\u00a0hatte sowie eine daraus sich entwickelnde langj\u00e4hrige Freundschaft beider Ehepaare.<\/span><\/p>\n<p class=\"Normal\" style=\"text-align: left;\">Das hier von Beckmann dargestellte gemeinsame Treffen mit dem Maler <a href=\"http:\/\/www.herbert-fiedler.eu\/d\/index.html\">Otto Herbert Fiedler<\/a> und dem Schriftsteller <a href=\"https:\/\/kuenste-im-exil.de\/KIE\/Content\/DE\/Sonderausstellungen\/MaxBeckmann\/Personen\/02ExilParisAmsterdam\/frommel-wolfgang.html\">Wolfgang Frommel<\/a> ist in der\u00a0Realit\u00e4t jedoch nicht belegt.<\/p>\n<p>[\/et_pb_text][\/et_pb_column][et_pb_column type=&#8220;1_2&#8243; _builder_version=&#8220;4.16&#8243; global_colors_info=&#8220;{}&#8220;][et_pb_image src=&#8220;https:\/\/vg-initiative.de\/wp-content\/uploads\/2021\/06\/Bilderrahmen-MB.jpg&#8220; url=&#8220;https:\/\/d-nb.info\/1218540478\/34&#8243; _builder_version=&#8220;4.16&#8243; width=&#8220;77%&#8220; module_alignment=&#8220;center&#8220; custom_margin=&#8220;||6px|||&#8220; global_colors_info=&#8220;{}&#8220;][\/et_pb_image][et_pb_text _builder_version=&#8220;4.16&#8243; text_line_height=&#8220;1em&#8220; width=&#8220;79.3%&#8220; custom_margin=&#8220;-6px||-3px|55px||&#8220; custom_padding=&#8220;0px|||2px||&#8220; link_option_url=&#8220;https:\/\/d-nb.info\/1218540478\/34&#8243; global_colors_info=&#8220;{}&#8220;]<\/p>\n<p><span style=\"font-size: x-small;\"><span style=\"font-size: small;\">Max Beckmann: <span xml:lang=\"fr\" lang=\"fr\">Les Artistes<\/span> mit Gem\u00fcse, 1943,<\/span> <br \/>Quelle: Mildred Lane Kemper Art Museum, Washington University Saint Louis<\/span><\/p>\n<p>[\/et_pb_text][\/et_pb_column][\/et_pb_row][et_pb_row _builder_version=&#8220;4.16&#8243; custom_padding=&#8220;0px|||||&#8220; global_colors_info=&#8220;{}&#8220;][et_pb_column type=&#8220;4_4&#8243; _builder_version=&#8220;4.16&#8243; global_colors_info=&#8220;{}&#8220;][et_pb_text _builder_version=&#8220;4.16&#8243; custom_margin=&#8220;||-3px|||&#8220; global_colors_info=&#8220;{}&#8220;]<\/p>\n<p><span>Niemand anderes als Max Beckmann hat die, aus heutiger Sicht fast unvorstellbare, H\u00e4rte der Lebensumst\u00e4nde in Kriegs- und Verfolgungszeiten in einem nur wenig bekannten schonungslosen Portr\u00e4t des ausgemergelten K\u00fcnstlers festgehalten. <span style=\"font-size: x-small;\">(Quelle: Museum Wiesbaden, Archiv Friedrich Vordemberge-Gildewart)<\/span><\/span><\/p>\n<p>Umso erstaunlicher ist, was VG selbst in die Worte gefasst hat:<\/p>\n<p><span>\u201eso unglaublich es klingen mag, trotz gef\u00e4hrlichster situationen habe ich mein oeuvre weiterf\u00fchren k\u00f6nnen. vielleicht sind es sogar diese gef\u00e4hrlichen momente gewesen, die zum protest alle kr\u00e4fte heranholten, um nicht umzufallen. wie oft hat man sich gefragt, ob man \u00fcberhaupt imstande ist, sich vor die staffelei <\/span><span>zu stellen und so zu tun, als ob nichts auf der stra\u00dfe gesch\u00e4he. wie das alles m\u00f6glich gewesen ist, ist so wundersam, wie man sich fragt, ob man noch existiert\u201c <span style=\"font-size: x-small;\">(Quelle: Helms I 1997, S. 169) <\/span><\/span><\/p>\n<p><span>Und gerade zu diesen unter so schwierigen Umst\u00e4nden entstandenen Gem\u00e4lden Vordemberge-Gildewarts spricht Jean Arp von den \u201ereinen Eilanden der Kunst\u201c und Arta Aalstar-Verhoff stellt fest: &#8222;W\u00e4hrend Beckmann d\u00fcstere Szenen des Welttheaters malte, entwarf Vordemberge-Gildewart das Gegenbild einer heiter tanzenden Welt aus absoluter Form, eins geworden mit der Kraft der Farbe\u201c <span style=\"font-size: x-small;\">(Quelle: Wallraf-Richartz-Jahrbuch, Band LIII 1992, S. 279)<\/span><\/span><\/p>\n<p><span><span class=\"tm5\">Die mit dem Ende des Krieges verbundene R\u00e4umung durch die deutsche Wehrmacht bedeutete f\u00fcr die Niederlande die Wiedergewinnung der Freiheit. Jedoch war nach einer Schulterverletzung Vordemberge-Gildewarts 1944 durch einen Fahrradunfall mit einem Milit\u00e4rfahrzeug, dem Hungerwinter 1944\/45 und den nach der Befreiung andauernden Versorgungsengp\u00e4ssen in dem weitgehend kriegszerst\u00f6rten, von den Truppen verschiedener M\u00e4chte besetzten Europa und den damit verbundenen neuen Grenzziehungen an Reisen und ein umstandsloses Ankn\u00fcpfen an das internationale Kunstleben der Vorkriegszeit nicht zu denken. Zuerst mussten Verletzungen ausgeheilt, Tr\u00fcmmer aufger\u00e4umt, Lebensmittelversorgung gesichert und Produktionsanlagen wieder in Gang gebracht werden (erste l\u00e4ngere Reise ins kriegszerst\u00f6rte Deutschland im Winter 1948). Au\u00dferdem engagierte sich VG beim Wiederaufbau des kriegszerst\u00f6rten Elternhauses und Werkstatt in Osnabr\u00fcck beratend f\u00fcr seine Familie.<\/span><\/span><\/p>\n<p>[\/et_pb_text][\/et_pb_column][\/et_pb_row][et_pb_row column_structure=&#8220;1_2,1_2&#8243; _builder_version=&#8220;4.16&#8243; min_height=&#8220;662px&#8220; custom_margin=&#8220;-5px|auto||auto||&#8220; custom_padding=&#8220;4px||0px|||&#8220; global_colors_info=&#8220;{}&#8220;][et_pb_column type=&#8220;1_2&#8243; _builder_version=&#8220;4.16&#8243; global_colors_info=&#8220;{}&#8220;][et_pb_text _builder_version=&#8220;4.16&#8243; global_colors_info=&#8220;{}&#8220;]<\/p>\n<p style=\"text-align: left;\"><span class=\"tm5\">Zwar konnte VG schon 1945 den Katalog f\u00fcr die Ausstellung \u201ekunst in vrijheid\u201c gestalten und die Gedenkschrift f\u00fcr Frans Duwaer herausbringen, jedoch lie\u00df sich die Mappe \u201eEpoque neerlandaise\u201c mit den Wiedergaben seiner eigenen Werke in den von ihm gew\u00fcnschten hohen Anspr\u00fcchen erst 1949 bewerkstelligen. <\/span><\/p>\n<p style=\"text-align: left;\"><span class=\"tm5\">So gesehen, ist die Befreiung zwar identisch mit dem Datum des Kriegsendes, das Exil aber dauerte an. Doch wie lange? Als Symbol hierf\u00fcr mag die Annahme der niederl\u00e4ndischen Staatsangeh\u00f6rigkeit (Ilse Leda-Vordemberge war die deutsche Staatsangeh\u00f6rigkeit 1941 entzogen worden) im Jahre 1950 gelten \u2013 zu einem Zeitpunkt also, als die Entwicklungen der zuk\u00fcnftigen \u201esp\u00e4ten Jahre\u201c noch gar nicht absehbar waren. Auch zu diesen Hintergr\u00fcnden besteht also Forschungsbedarf in den niederl\u00e4ndischen Archiven.<\/span>\u00a0<\/p>\n<p>[\/et_pb_text][\/et_pb_column][et_pb_column type=&#8220;1_2&#8243; _builder_version=&#8220;4.16&#8243; global_colors_info=&#8220;{}&#8220;][et_pb_image src=&#8220;https:\/\/vg-initiative.de\/wp-content\/uploads\/2021\/05\/T-412.jpeg&#8220; _builder_version=&#8220;4.16&#8243; custom_margin=&#8220;||1px|||&#8220; global_colors_info=&#8220;{}&#8220;][\/et_pb_image][et_pb_text _builder_version=&#8220;4.16&#8243; custom_margin=&#8220;-5px|||||&#8220; global_colors_info=&#8220;{}&#8220;]<\/p>\n<p><span style=\"font-size: x-small;\">Quelle: Museum Wiesbaden, Archiv Friedrich Vordemberge-Gildewart<\/span><\/p>\n<p>[\/et_pb_text][\/et_pb_column][\/et_pb_row][\/et_pb_section][et_pb_section fb_built=&#8220;1&#8243; _builder_version=&#8220;4.16&#8243; background_color=&#8220;#ffffff&#8220; min_height=&#8220;425px&#8220; custom_margin=&#8220;1px|||||&#8220; custom_padding=&#8220;3px||0px|||&#8220; global_colors_info=&#8220;{}&#8220;][et_pb_row _builder_version=&#8220;4.16&#8243; min_height=&#8220;425px&#8220; custom_margin=&#8220;30px|auto||auto||&#8220; custom_padding=&#8220;3px||5px|||&#8220; global_colors_info=&#8220;{}&#8220;][et_pb_column type=&#8220;4_4&#8243; _builder_version=&#8220;4.16&#8243; global_colors_info=&#8220;{}&#8220;][et_pb_text module_id=&#8220;Exil2&#8243; module_class=&#8220;text-anchor-offset&#8220; _builder_version=&#8220;4.16&#8243; global_colors_info=&#8220;{}&#8220;]<\/p>\n<p style=\"text-align: left;\"><strong>Objekte\/Gem\u00e4lde<\/strong><\/p>\n<p class=\"Listenabsatz\" style=\"text-align: left;\"><strong>1940<\/strong> Entwurfskizzen f\u00fcr die Postzentrale Den Haag, deren Bau der deutschen Besetzung zum Opfer fiel<\/p>\n<p class=\"Listenabsatz\" style=\"text-align: left;\"><strong>1940<\/strong> Gedichtband \u201emillimeter und geraden\u201c<\/p>\n<p class=\"Listenabsatz\" style=\"text-align: left;\"><strong>1944<\/strong> illegale Herausgabe \u201erire de coquille\u201c f\u00fcr Sophie T\u00e4uber-Arp und \u201e11 tableaux et 7 po\u00e8mes\u201c zu Kandinsky<\/p>\n<p class=\"Listenabsatz\" style=\"text-align: left;\"><strong>1945<\/strong> Herausgabe und Gestaltung einer Gedenkschrift f\u00fcr Frans Duwaer<\/p>\n<p class=\"Listenabsatz\" style=\"text-align: left;\"><strong>1947<\/strong> Beratung der Familie beim Wiederaufbau des kriegszerst\u00f6rten Elternhauses<\/p>\n<p class=\"Listenabsatz\" style=\"text-align: left;\"><strong>1949<\/strong> \u201eEpoque neerlandaise\u201c R\u00fcckmeldung in der internationalen Kunstwelt mit Wiedergaben der von ihm w\u00e4hrend des Krieges geschaffenen Bilder<\/p>\n<p class=\"Listenabsatz\" style=\"text-align: left;\"><span style=\"font-size: 18px;\"><span class=\"tm5\">Dem New-Oeuvre Katalog der Schweizer Stiftung Vordemberge-Gildewart folgend,\u00a0<\/span><span class=\"tm5\">entstanden in der Zeit der Verfolgung und des Exils insgesamt <\/span><span class=\"tm5\">78<\/span><span class=\"tm5\"> Gem\u00e4lde. <span><strong><a href=\"http:\/\/comlot.de\/demo\/cms\/wordpress\/vg-initiative\/?page_id=1877\">Hier<\/a><\/strong> erreichen Sie eine Liste aller Gem\u00e4lde Vordemberge-Gildewarts mit ihren aktuellen Standorten, insofern diese bekannt sind.\u00a0Sie verweist \u00fcber Links auf die Webseite der <a href=\"https:\/\/vordemberge-gildewart.eu\/the-new-oeuvre\/catalogue\/paintings\/\">Stiftung Vordemberge-Gildewart<\/a> und den dort integrierten New-Oeuvre Katalog aller Werke.<\/span><\/span><\/span><\/p>\n<p class=\"Listenabsatz\" style=\"text-align: left;\"><span style=\"font-size: 18px;\"><span class=\"tm5\"><span><\/span><\/span><\/span><\/p>\n<p style=\"text-align: left;\"><span id=\"Exil3\" class=\"text-anchor-offset\"><\/span><br \/> <strong>Ideen\/\u00dcberzeugungen<\/strong><\/p>\n<p style=\"text-align: left;\">\u201eDie Werke Vordemberges sind eine Abkehr von der Verworrenheit, von der Besessenheit, von der Liebe zum Dreck. Sie sind gl\u00e4ubig und von der Fortdauer erf\u00fcllt. Sie \u00f6ffnen Fenster in die vier W\u00e4nde des Verstandes. Die Arbeiten Vordemberges halten den Menschen keinen Spiegel vor, wie das Picasso in seinen Bildern tut\u201c schreibt Jean Arp im Februar 1946 unmittelbar nach dem Ende des Krieges. Vielmehr gelingt es VG, gleichsam im Widerspruch zu den Wirrnissen der Kriegsjahre, Bilder zu malen, die nach Jean Arp zu den &#8222;zartesten, fr\u00f6hlichsten, schwebenden Kompositionen&#8220; geh\u00f6ren, die er bis dahin geschaffen hatte. Sie k\u00f6nnen als ein Dokument daf\u00fcr angesehen werden, mit welchen \u00dcberlebenswillen VG diese schweren Jahre durchlebt hat.<\/p>\n<p style=\"text-align: left;\"><span id=\"Exil4\" class=\"text-anchor-offset\"><\/span><br \/> <strong>Berufliche Kontakte<\/strong><\/p>\n<p class=\"Normal\" style=\"text-align: left;\"><span class=\"tm5\">Zusammenarbeit mit dem Architekten <a href=\"https:\/\/de.wikipedia.org\/wiki\/Mart_Stam\">Mart Stam<\/a> und dem Verleger <a href=\"https:\/\/nl.wikipedia.org\/wiki\/Frans_Duwaer\">Frans Duwaer<\/a>.<\/span><\/p>\n<p>[\/et_pb_text][\/et_pb_column][\/et_pb_row][\/et_pb_section][et_pb_section fb_built=&#8220;1&#8243; _builder_version=&#8220;4.16&#8243; custom_padding=&#8220;30px|||||&#8220; global_colors_info=&#8220;{}&#8220;][et_pb_row column_structure=&#8220;1_2,1_2&#8243; _builder_version=&#8220;4.16&#8243; custom_padding=&#8220;4px|||||&#8220; global_colors_info=&#8220;{}&#8220;][et_pb_column type=&#8220;1_2&#8243; _builder_version=&#8220;4.16&#8243; global_colors_info=&#8220;{}&#8220;][et_pb_text module_id=&#8220;Exil5&#8243; module_class=&#8220;text-anchor-offset&#8220; _builder_version=&#8220;4.16&#8243; global_colors_info=&#8220;{}&#8220;]<\/p>\n<p style=\"text-align: left;\"><strong>Kulturelle Beachtung<\/strong><\/p>\n<p class=\"Normal\" style=\"text-align: left;\"><span class=\"tm5\"><strong>1934<\/strong> Bragaglia fuori commercio, Rom (Einzelausstellung)<\/span><\/p>\n<p class=\"Normal\" style=\"text-align: left;\"><span class=\"tm5\"><strong>1934<\/strong> Galleria del Milione, Mailand (Einzelausstllung)<\/span><\/p>\n<p class=\"Normal\" style=\"text-align: left;\"><span class=\"tm5\"><strong>1937<\/strong> \u201eKonstruktivisten\u201c Kunsthalle Basel<\/span><\/p>\n<p class=\"Normal\" style=\"text-align: left;\"><strong><span class=\"tm5\"><\/span><\/strong><span class=\"tm5\"><strong>1938<\/strong> \u201eVordemberge-Gildewart\u201c Im Koninklijke Kunstzaal Kleykamp, Den Haag (Einzelausstellung) &gt;&gt;<\/span><span>\u00a0<\/span><\/p>\n<p class=\"Normal\" style=\"text-align: left;\"><span class=\"tm5\"><strong>1938<\/strong> \u201eAbstracte Kunst\u201c Stedelijk Museum Amsterdam<\/span><\/p>\n<p class=\"Normal\" style=\"text-align: left;\"><span class=\"tm5\"><strong>1938<\/strong> \u201eModern German Art\u201c London<\/span><\/p>\n<p class=\"Normal\" style=\"text-align: left;\"><span class=\"tm5\"><strong>1939<\/strong> \u201eArt of tomorrow\u201c, Solomon R. Guggenheim Foundation, New York<\/span><\/p>\n<p class=\"Normal\" style=\"text-align: left;\"><span class=\"tm5\"><strong>1944<\/strong> \u201ekonkrete kunst\u201c, Kunsthalle Basel<\/span><\/p>\n<p class=\"Normal\" style=\"text-align: left;\"><span class=\"tm5\"><strong>1945<\/strong> \u201eHet vrije boek in onvrije tijd, Stedelijk Museum, Amsterdam<\/span><\/p>\n<p class=\"Normal\" style=\"text-align: left;\"><span class=\"tm5\"><strong>1945<\/strong> \u201eIn het verborgene gedrukt, Museum Boymans-van Beuningen, Rotterdam<\/span><\/p>\n<p class=\"Normal\" style=\"text-align: left;\"><span class=\"tm5\"><strong>1946<\/strong> \u201eModerne holl\u00e4ndische Kunst 1885 \u2013 1945\u201c, Kunsthallen Basel und Bern, Mus\u00e9e cantonal des Beaux-Arts, Lausanne<\/span><\/p>\n<p class=\"Normal\" style=\"text-align: left;\"><span class=\"tm5\"><strong>1946<\/strong> \u201e1er Salon des R\u00e9alit\u00e9s Nouvelles. Art abstrait concret. Constructivisme non figuratif\u201c Palais des Beaux-Arts de la Ville de Paris, Paris<\/span><\/p>\n<p class=\"Normal\" style=\"text-align: left;\"><span class=\"tm5\"><strong>1947<\/strong> \u201earte astratta e concreta\u201c, Pallazzo Exreale. Mailand<\/span><\/p>\n<p class=\"Normal\" style=\"text-align: left;\"><span class=\"tm5\">sowie eine Vielzahl weiterer Ausstellungsbeteiligungen in Europa und den USA.<\/span><\/p>\n<p>[\/et_pb_text][\/et_pb_column][et_pb_column type=&#8220;1_2&#8243; _builder_version=&#8220;4.16&#8243; global_colors_info=&#8220;{}&#8220;][et_pb_image src=&#8220;https:\/\/vg-initiative.de\/wp-content\/uploads\/2021\/02\/Algemeen_Handelsblad_vol_111_no_36585_Ochtendblad_F._Vordemberge-Gildewart.djvu_.jpg&#8220; _builder_version=&#8220;4.16&#8243; custom_margin=&#8220;||-4px|||&#8220; global_colors_info=&#8220;{}&#8220;][\/et_pb_image][et_pb_text _builder_version=&#8220;4.16&#8243; min_height=&#8220;20px&#8220; custom_margin=&#8220;-2px|||||&#8220; custom_padding=&#8220;0px||0px|||&#8220; global_colors_info=&#8220;{}&#8220;]<\/p>\n<p><span style=\"font-size: x-small;\">Quelle:<\/span><\/p>\n<p>[\/et_pb_text][\/et_pb_column][\/et_pb_row][et_pb_row _builder_version=&#8220;4.16&#8243; custom_padding=&#8220;0px||0px|||&#8220; global_colors_info=&#8220;{}&#8220;][et_pb_column type=&#8220;4_4&#8243; _builder_version=&#8220;4.16&#8243; global_colors_info=&#8220;{}&#8220;][et_pb_button button_url=&#8220;https:\/\/vg-initiative.de\/?page_id=1256&#8243; button_text=&#8220;weiter zur n\u00e4chsten Lebensphase&#8220; button_alignment=&#8220;center&#8220; _builder_version=&#8220;4.16&#8243; global_colors_info=&#8220;{}&#8220;][\/et_pb_button][\/et_pb_column][\/et_pb_row][\/et_pb_section]<\/p>\n","protected":false},"excerpt":{"rendered":"<p>Verfolgung und Exil 1933 &#8211; 1949Die Machtergreifung der Nationalsozialisten zwingt das Ehepaar Vordemberge-Leda ins Exil nach Amsterdam, wo sie dank guter Freunde dem Tod entrinnen und schlie\u00dflich selbst niederl\u00e4ndische Staatsangeh\u00f6rige werden.Max Beckmann: Portrait Friedrich Vordemberge-Gildewart 1942 Quelle: Museum Wiesbaden, Archiv Friedrich Vordemberge-Gildewart Aktivit\u00e4ten Die Machtergreifung 1933 beendete f\u00fcr die Hannoveraner Kunst- und Kulturszene einen Lebensabschnitt:\u00a0 [&hellip;]<\/p>\n","protected":false},"author":4,"featured_media":0,"parent":0,"menu_order":0,"comment_status":"closed","ping_status":"closed","template":"","meta":{"_et_pb_use_builder":"on","_et_pb_old_content":"","_et_gb_content_width":"","footnotes":""},"class_list":["post-1228","page","type-page","status-publish","hentry"],"_links":{"self":[{"href":"https:\/\/vg-initiative.de\/index.php?rest_route=\/wp\/v2\/pages\/1228"}],"collection":[{"href":"https:\/\/vg-initiative.de\/index.php?rest_route=\/wp\/v2\/pages"}],"about":[{"href":"https:\/\/vg-initiative.de\/index.php?rest_route=\/wp\/v2\/types\/page"}],"author":[{"embeddable":true,"href":"https:\/\/vg-initiative.de\/index.php?rest_route=\/wp\/v2\/users\/4"}],"replies":[{"embeddable":true,"href":"https:\/\/vg-initiative.de\/index.php?rest_route=%2Fwp%2Fv2%2Fcomments&post=1228"}],"version-history":[{"count":235,"href":"https:\/\/vg-initiative.de\/index.php?rest_route=\/wp\/v2\/pages\/1228\/revisions"}],"predecessor-version":[{"id":5012,"href":"https:\/\/vg-initiative.de\/index.php?rest_route=\/wp\/v2\/pages\/1228\/revisions\/5012"}],"wp:attachment":[{"href":"https:\/\/vg-initiative.de\/index.php?rest_route=%2Fwp%2Fv2%2Fmedia&parent=1228"}],"curies":[{"name":"wp","href":"https:\/\/api.w.org\/{rel}","templated":true}]}}