{"id":2238,"date":"2021-01-19T10:52:08","date_gmt":"2021-01-19T09:52:08","guid":{"rendered":"https:\/\/vg-initiative.de\/?page_id=2238"},"modified":"2021-10-28T14:13:09","modified_gmt":"2021-10-28T12:13:09","slug":"vg-spuren-in-osnabrueck","status":"publish","type":"page","link":"https:\/\/vg-initiative.de\/?page_id=2238","title":{"rendered":"VG-Spuren in Osnabr\u00fcck"},"content":{"rendered":"<p>[et_pb_section fb_built=&#8220;1&#8243; _builder_version=&#8220;3.26.6&#8243; background_color=&#8220;#07a1e2&#8243; background_enable_image=&#8220;off&#8220; background_position=&#8220;center_right&#8220; custom_margin=&#8220;0px||0px||false|false&#8220; custom_padding=&#8220;0px||0px||false|false&#8220; custom_css_main_element=&#8220;background-position: center center;&#8220;][et_pb_row column_structure=&#8220;1_2,1_2&#8243; _builder_version=&#8220;3.26.6&#8243; width=&#8220;100%&#8220; max_width=&#8220;100%&#8220; min_height=&#8220;34px&#8220; max_height=&#8220;768px&#8220; custom_margin=&#8220;||0px||false|false&#8220; custom_padding=&#8220;1px||3px|||&#8220;][et_pb_column type=&#8220;1_2&#8243; _builder_version=&#8220;3.26.6&#8243; custom_padding=&#8220;55px|||5%|false|false&#8220;][et_pb_text _builder_version=&#8220;3.26.6&#8243; custom_margin=&#8220;||29px|||&#8220;]<\/p>\n<h1><strong><span style=\"color: #ffffff;\">VG-Spuren in Osnabr\u00fcck<\/span><\/strong><strong><span style=\"color: #ffffff;\"><\/span><\/strong><\/h1>\n<p>[\/et_pb_text][et_pb_text _builder_version=&#8220;3.26.6&#8243; text_line_height=&#8220;1.5em&#8220; custom_margin=&#8220;16px|||||&#8220;]<\/p>\n<p><span style=\"color: #ffffff; font-size: large;\"><span style=\"color: #ffffff;\">Nach der jahrzehntelangen Verdr\u00e4ngung aus dem Bewusstsein der Stadt im 20. Jahrhundert findet Vordemberge-Gildewart inzwischen in seiner Geburtsstadt die selbstverst\u00e4ndliche Anerkennung.<\/span><\/span><\/p>\n<p>[\/et_pb_text][\/et_pb_column][et_pb_column type=&#8220;1_2&#8243; _builder_version=&#8220;3.26.6&#8243; custom_css_main_element=&#8220;display: flex;&#8220;][et_pb_image src=&#8220;https:\/\/vg-initiative.de\/wp-content\/uploads\/2020\/10\/Image-1-6-scaled.jpg&#8220; align=&#8220;right&#8220; _builder_version=&#8220;3.26.6&#8243; width=&#8220;70%&#8220; width_tablet=&#8220;40%&#8220; width_last_edited=&#8220;on|phone&#8220; max_height=&#8220;768px&#8220; custom_margin=&#8220;0px||0px||false|false&#8220; custom_padding=&#8220;0px||0px||false|false&#8220;][\/et_pb_image][\/et_pb_column][\/et_pb_row][\/et_pb_section][et_pb_section fb_built=&#8220;1&#8243; _builder_version=&#8220;3.26.6&#8243; min_height=&#8220;11210px&#8220; custom_margin=&#8220;0px||||false|false&#8220; custom_padding=&#8220;30px||0px|||&#8220;][et_pb_row module_id=&#8220;Ini4&#8243; _builder_version=&#8220;3.26.6&#8243; custom_padding=&#8220;0px||0px|||&#8220;][et_pb_column type=&#8220;4_4&#8243; _builder_version=&#8220;3.26.6&#8243;][et_pb_text _builder_version=&#8220;3.26.6&#8243; custom_padding=&#8220;||0px|||&#8220;]<\/p>\n<p class=\"Normal\" style=\"text-align: left;\"><strong><span class=\"tm7\">Das Vordemberge-Gildewart-Haus: <\/span><\/strong><\/p>\n<p class=\"Normal\" style=\"text-align: left;\"><span class=\"tm6\">Der zentrale Bezugspunkt f\u00fcr Vordemberge-Gildewart in Osnabr\u00fcck ist ohne Frage das Elternhaus. So wird es auch bleiben, wenn die <a href=\"https:\/\/www.sievert-stiftung.de\/home.html\">Sievert-Stiftung f\u00fcr Wissenschaft und Kultur<\/a> als neuer Eigent\u00fcmer hier nach aufw\u00e4ndiger Restaurierung ihren Sitz nehmen wird.<\/span><\/p>\n<p>[\/et_pb_text][\/et_pb_column][\/et_pb_row][et_pb_row _builder_version=&#8220;3.26.6&#8243; custom_margin=&#8220;|auto|||false|false&#8220;][et_pb_column type=&#8220;4_4&#8243; _builder_version=&#8220;3.26.6&#8243;][et_pb_image src=&#8220;https:\/\/vg-initiative.de\/wp-content\/uploads\/2019\/10\/geburtshaus.jpg&#8220; align=&#8220;center&#8220; _builder_version=&#8220;3.26.6&#8243; width=&#8220;47%&#8220; width_last_edited=&#8220;on|tablet&#8220; custom_margin=&#8220;||-2px|||&#8220;][\/et_pb_image][et_pb_text _builder_version=&#8220;3.26.6&#8243; width=&#8220;73.5%&#8220; width_last_edited=&#8220;on|phone&#8220; min_height=&#8220;18px&#8220; custom_margin=&#8220;|||auto|false|false&#8220; custom_padding=&#8220;||0px|||&#8220;]<\/p>\n<p><span style=\"font-size: x-small;\">Quelle: Privat<\/span><\/p>\n<p>[\/et_pb_text][\/et_pb_column][\/et_pb_row][et_pb_row _builder_version=&#8220;3.26.6&#8243; custom_padding=&#8220;2px|||||&#8220;][et_pb_column type=&#8220;4_4&#8243; _builder_version=&#8220;3.26.6&#8243;][et_pb_text _builder_version=&#8220;3.26.6&#8243; custom_margin=&#8220;||15px|||&#8220;]<\/p>\n<p class=\"Normal\" style=\"text-align: left;\"><span class=\"tm5\"><\/span><strong><span class=\"tm6\">Der Friedrich-Vordemberge-Gildewart-Platz: <\/span><\/strong><\/p>\n<p class=\"Normal\" style=\"text-align: left;\"><span class=\"tm5\">2015 ist mit dem Friedrich-Vordemberge-Gildewart-Platz in unmittelbarer Nachbarschaft des Geburtshauses in Kooperation zwischen Stadt, st\u00e4dtischen Stiftungen und Mitgliedern der VG-Initiative ein ganz neuer stadtr\u00e4umlicher Identifikationspunkt entstanden; hervorragend geeignet f\u00fcr intime kleinr\u00e4umige Outdoor-Veranstaltungen.<\/span><\/p>\n<p>[\/et_pb_text][et_pb_image src=&#8220;https:\/\/vg-initiative.de\/wp-content\/uploads\/2020\/10\/Image-1-3-e1604227146237.jpg&#8220; align=&#8220;center&#8220; _builder_version=&#8220;3.26.6&#8243; width=&#8220;47%&#8220; width_last_edited=&#8220;on|desktop&#8220; custom_margin=&#8220;||0px|||&#8220;][\/et_pb_image][et_pb_text _builder_version=&#8220;3.26.6&#8243; width=&#8220;73%&#8220; width_phone=&#8220;100%&#8220; width_last_edited=&#8220;on|tablet&#8220; min_height=&#8220;23px&#8220; custom_margin=&#8220;-4px|||auto|false|false&#8220; custom_padding=&#8220;0px||0px|||&#8220;]<\/p>\n<p><span style=\"font-size: x-small;\">Quelle: Angela von Brill<\/span><\/p>\n<p>[\/et_pb_text][\/et_pb_column][\/et_pb_row][et_pb_row _builder_version=&#8220;3.26.6&#8243; custom_padding=&#8220;0px|||||&#8220;][et_pb_column type=&#8220;4_4&#8243; _builder_version=&#8220;3.26.6&#8243;][et_pb_image src=&#8220;https:\/\/vg-initiative.de\/wp-content\/uploads\/2020\/11\/VGPlatz-Schild-scaled.jpg&#8220; _builder_version=&#8220;3.26.6&#8243; custom_margin=&#8220;||4px|||&#8220;][\/et_pb_image][et_pb_text _builder_version=&#8220;3.26.6&#8243; min_height=&#8220;15px&#8220; custom_margin=&#8220;-4px||-4px|||&#8220;]<\/p>\n<p><span style=\"font-size: x-small;\">Quelle: Tom Bullmann<\/span><\/p>\n<p>[\/et_pb_text][\/et_pb_column][\/et_pb_row][et_pb_row _builder_version=&#8220;3.26.6&#8243; custom_margin=&#8220;-2px|auto||auto||&#8220; custom_padding=&#8220;4px|||||&#8220;][et_pb_column type=&#8220;4_4&#8243; _builder_version=&#8220;3.26.6&#8243;][et_pb_text _builder_version=&#8220;3.26.6&#8243; custom_padding=&#8220;||0px|||&#8220;]<\/p>\n<p class=\"Normal\" style=\"text-align: left;\"><span class=\"tm5\"><\/span><strong><span class=\"tm6\">Der VG-Buchbestand in der Stadtbibliothek:<\/span><\/strong><span style=\"font-size: 18px;\">\u00a0<\/span><\/p>\n<p class=\"Normal\" style=\"text-align: left;\"><span class=\"tm5\">Zu den VG-Spuren in Osnabr\u00fcck darf man auch den VG-Buchbestand in der Stadtbibliothek Osnabr\u00fcck z\u00e4hlen. Einen Aufruf der VG-Initiative 2007 zur Spende von B\u00fcchern zur konkret-konstruktiven Kunst aufgreifend baut die Stadtbibliothek seitdem diesen Bestand laufend weiter aus, so dass inzwischen ein Bestand von ca. 1200 Medien vorhanden ist.\u00a0<\/span><span style=\"font-size: 18px;\"><span>Den Katalog der Stadtbibliothek erreichen Sie <a href=\"https:\/\/katalog.stadtbibliothek.osnabrueck.de\/opax\/de\/qsel.html.S\">hier<\/a>! Wenn Sie einen Gesamt\u00fcberblick \u00fcber den VG-Medienbestand haben wollen, so benutzen Sie bitte innerhalb der erweiterten Suche immer die Kategorie \u201eSignatur\u201c und tragen \u201eVordemberge-Gildewart\u201c ein. Dann erscheint der Gesamtbestand auf dem Bildschirm.\u00a0<\/span><\/span><\/p>\n<p class=\"Normal\" style=\"text-align: left;\"><span class=\"tm5\" style=\"font-size: 18px;\">Selbst Teil dieser Sammlung geworden und somit dort entleihbar sind beispielsweise folgende B\u00fccher und Kataloge.<\/span><\/p>\n<p>[\/et_pb_text][\/et_pb_column][\/et_pb_row][et_pb_row column_structure=&#8220;1_2,1_2&#8243; _builder_version=&#8220;3.26.6&#8243;][et_pb_column type=&#8220;1_2&#8243; _builder_version=&#8220;3.26.6&#8243;][et_pb_text _builder_version=&#8220;3.26.6&#8243;]<\/p>\n<p><strong><span class=\"tm6\">friedrich vordemberge-gildewart zum 100. Geburtstag<\/span><\/strong><span class=\"tm5\">, <\/span><\/p>\n<p><span class=\"tm5\">Verlag des Museums- und Kunstvereins Osnabr\u00fcck, 1999, ISBN 3-926235-18-7<\/span><span>\u00a0<\/span><\/p>\n<p>[\/et_pb_text][\/et_pb_column][et_pb_column type=&#8220;1_2&#8243; _builder_version=&#8220;3.26.6&#8243;][et_pb_image src=&#8220;https:\/\/vg-initiative.de\/wp-content\/uploads\/2020\/11\/Image-1-scaled-e1605342777782.jpg&#8220; align=&#8220;right&#8220; _builder_version=&#8220;3.26.6&#8243; width=&#8220;53%&#8220;][\/et_pb_image][\/et_pb_column][\/et_pb_row][et_pb_row column_structure=&#8220;1_2,1_2&#8243; _builder_version=&#8220;3.26.6&#8243;][et_pb_column type=&#8220;1_2&#8243; _builder_version=&#8220;3.26.6&#8243;][et_pb_text _builder_version=&#8220;3.26.6&#8243;]<\/p>\n<p><strong><span class=\"tm6\">Hommage \u00e0 friedrich vordemberge-gildewart<\/span><\/strong><span class=\"tm5\">, <\/span><\/p>\n<p><span class=\"tm5\">Verlag des Museums- und Kunstvereins Osnabr\u00fcck, 1999, ISBN 3-326235-17-9<\/span><\/p>\n<p>[\/et_pb_text][\/et_pb_column][et_pb_column type=&#8220;1_2&#8243; _builder_version=&#8220;3.26.6&#8243;][et_pb_image src=&#8220;https:\/\/vg-initiative.de\/wp-content\/uploads\/2020\/11\/Image-1-2-scaled-e1605342949920.jpg&#8220; align=&#8220;right&#8220; _builder_version=&#8220;3.26.6&#8243; width=&#8220;53%&#8220;][\/et_pb_image][\/et_pb_column][\/et_pb_row][et_pb_row column_structure=&#8220;1_2,1_2&#8243; _builder_version=&#8220;3.26.6&#8243;][et_pb_column type=&#8220;1_2&#8243; _builder_version=&#8220;3.26.6&#8243;][et_pb_text _builder_version=&#8220;3.26.6&#8243;]<\/p>\n<p><strong>Gestaltung &#8211; Vordemberge-Gildewarts universales Prinzip in freier und angewandter Kunst<\/strong><\/p>\n<p><span>Judith Meyering,<br \/> Dissertation, 2004<\/span><\/p>\n<p>im Repositorium der Universit\u00e4t Osnabr\u00fcck verf\u00fcgbar, Link rechts im Bild<span><\/span><\/p>\n<p><span><\/span><\/p>\n<p>[\/et_pb_text][\/et_pb_column][et_pb_column type=&#8220;1_2&#8243; _builder_version=&#8220;3.26.6&#8243;][et_pb_image src=&#8220;https:\/\/vg-initiative.de\/wp-content\/uploads\/2020\/12\/Image-1.jpg&#8220; url=&#8220;https:\/\/repositorium.ub.uni-osnabrueck.de\/bitstream\/urn:nbn:de:gbv:700-2004121711\/2\/E-Diss366_thesis.pdf&#8220; align=&#8220;right&#8220; _builder_version=&#8220;3.26.6&#8243; width=&#8220;53%&#8220;][\/et_pb_image][\/et_pb_column][\/et_pb_row][et_pb_row column_structure=&#8220;1_2,1_2&#8243; _builder_version=&#8220;3.26.6&#8243;][et_pb_column type=&#8220;1_2&#8243; _builder_version=&#8220;3.26.6&#8243;][et_pb_text _builder_version=&#8220;3.26.6&#8243;]<\/p>\n<p><span><b class=\"\">friedrich vordemberge-gildewart &#8211; Ein Gespr\u00e4ch im Raum mit Felix Nussbaum Daniel Libeskind,\u00a0<\/b><\/span><\/p>\n<p><span>Verlag des Museums- und Kunstvereins Osnabr\u00fcck, 2011, ISBN 978-3-926235-31-2<\/span><\/p>\n<p>[\/et_pb_text][\/et_pb_column][et_pb_column type=&#8220;1_2&#8243; _builder_version=&#8220;3.26.6&#8243;][et_pb_image src=&#8220;https:\/\/vg-initiative.de\/wp-content\/uploads\/2020\/11\/Image-1-1-scaled-e1605343167633.jpg&#8220; align=&#8220;right&#8220; _builder_version=&#8220;3.26.6&#8243; width=&#8220;57%&#8220;][\/et_pb_image][\/et_pb_column][\/et_pb_row][et_pb_row column_structure=&#8220;1_2,1_2&#8243; _builder_version=&#8220;3.26.6&#8243;][et_pb_column type=&#8220;1_2&#8243; _builder_version=&#8220;3.26.6&#8243;][et_pb_text _builder_version=&#8220;3.26.6&#8243;]<\/p>\n<p><strong><span class=\"tm6\">DVD \u201evon millimetern und geraden\u201c, <\/span><\/strong><\/p>\n<p><span class=\"tm5\">erstellt von den Videofreunden des Hauses<br \/> der Jugend 2012<\/span><\/p>\n<p>[\/et_pb_text][\/et_pb_column][et_pb_column type=&#8220;1_2&#8243; _builder_version=&#8220;3.26.6&#8243;][\/et_pb_column][\/et_pb_row][et_pb_row column_structure=&#8220;1_2,1_2&#8243; _builder_version=&#8220;3.26.6&#8243;][et_pb_column type=&#8220;1_2&#8243; _builder_version=&#8220;3.26.6&#8243;][et_pb_text _builder_version=&#8220;3.26.6&#8243;]<\/p>\n<p><strong><span class=\"tm6\">Manfred Blieffert \u201evg und der geheimnisvolle besucher\u201c<\/span><\/strong><span class=\"tm5\"> , <\/span><\/p>\n<p><span class=\"tm5\">Bramsche 2013,\u00a0<\/span><span>ISBN 978-3-89946-204-3<\/span><\/p>\n<p>[\/et_pb_text][\/et_pb_column][et_pb_column type=&#8220;1_2&#8243; _builder_version=&#8220;3.26.6&#8243;][et_pb_image src=&#8220;https:\/\/vg-initiative.de\/wp-content\/uploads\/2020\/11\/image.jpg&#8220; align=&#8220;right&#8220; _builder_version=&#8220;3.26.6&#8243;][\/et_pb_image][\/et_pb_column][\/et_pb_row][et_pb_row column_structure=&#8220;1_2,1_2&#8243; _builder_version=&#8220;3.26.6&#8243;][et_pb_column type=&#8220;1_2&#8243; _builder_version=&#8220;3.26.6&#8243;][et_pb_text _builder_version=&#8220;3.26.6&#8243;]<\/p>\n<p><strong><span class=\"tm6\">VORDEMBERGE-GILDEWART Kunst f\u00fcr eine andere Gesellschaft \u2013 50 Jahre danach<\/span><\/strong><span class=\"tm5\">,<\/span><\/p>\n<p><span>hrsg. von der Stadt Osnabr\u00fcck, 2015<\/span><\/p>\n<p>[\/et_pb_text][\/et_pb_column][et_pb_column type=&#8220;1_2&#8243; _builder_version=&#8220;3.26.6&#8243;][et_pb_image src=&#8220;https:\/\/vg-initiative.de\/wp-content\/uploads\/2020\/10\/Image-1-6-scaled.jpg&#8220; align=&#8220;right&#8220; _builder_version=&#8220;3.26.6&#8243; width=&#8220;48%&#8220;][\/et_pb_image][\/et_pb_column][\/et_pb_row][et_pb_row column_structure=&#8220;1_2,1_2&#8243; _builder_version=&#8220;3.26.6&#8243;][et_pb_column type=&#8220;1_2&#8243; _builder_version=&#8220;3.26.6&#8243;][et_pb_text _builder_version=&#8220;3.26.6&#8243;]<\/p>\n<p class=\"Normal\"><strong><span class=\"tm6\">Peter Schlief \u201e V-G Die Geschichte des Hauses <br \/>Gro\u00dfe Gildewart 27\u201c, <\/span><\/strong><\/p>\n<p class=\"Normal\"><span class=\"tm5\">Privatdruck 2020<\/span><\/p>\n<p>[\/et_pb_text][\/et_pb_column][et_pb_column type=&#8220;1_2&#8243; _builder_version=&#8220;3.26.6&#8243;][et_pb_image src=&#8220;https:\/\/vg-initiative.de\/wp-content\/uploads\/2020\/11\/Unbenannt-1-e1606064572983.jpeg&#8220; align=&#8220;right&#8220; _builder_version=&#8220;3.26.6&#8243;][\/et_pb_image][\/et_pb_column][\/et_pb_row][et_pb_row column_structure=&#8220;1_2,1_2&#8243; _builder_version=&#8220;3.26.6&#8243; custom_padding=&#8220;||2px|||&#8220;][et_pb_column type=&#8220;1_2&#8243; _builder_version=&#8220;3.26.6&#8243;][et_pb_text _builder_version=&#8220;3.26.6&#8243; custom_margin=&#8220;|-424px||||&#8220;]<\/p>\n<p><span>Die gesamte kunsthistorische Auseinandersetzung zum Werk Vordemberge-Gildewarts bietet die <a href=\"https:\/\/vordemberge-gildewart.eu\/the-artist\/literature\/\">Schweizer Stiftung Vordemberge-Gildewart<\/a> mit der M\u00f6glichkeit des Downloads der einzelnen B\u00fccher.\u00a0<\/span><\/p>\n<p>[\/et_pb_text][\/et_pb_column][et_pb_column type=&#8220;1_2&#8243; _builder_version=&#8220;3.26.6&#8243;][\/et_pb_column][\/et_pb_row][et_pb_row module_id=&#8220;spurenpreis&#8220; _builder_version=&#8220;3.26.6&#8243;][et_pb_column type=&#8220;4_4&#8243; _builder_version=&#8220;3.26.6&#8243;][et_pb_text _builder_version=&#8220;3.26.6&#8243;]<\/p>\n<p class=\"Normal\" style=\"text-align: left;\"><strong><span class=\"tm6\">Der Vordemberge-Gildewart-Preis des Osnabr\u00fccker Handwerks:<\/span><\/strong><span>\u00a0<\/span><\/p>\n<p class=\"Normal\" style=\"text-align: left;\"><span class=\"tm5\">Die herausragenden <a href=\"https:\/\/vg-initiative.de\/?page_id=1205#JugendZeugnis\">Leistungen VGs bei der Gesellenpr\u00fcfung 1918<\/a> aufgreifend vergibt die Tischlerinnung Osnabr\u00fcck, dabei unterst\u00fctzt vom Bereich Holztechnik des Berufschulzentrums Westerberg und der Vordemberge-Gildewart-Initiative, seit 2013 bei der Lehrabschlusspr\u00fcfung den Vordemberge-Gildewart-Preis des Osnabr\u00fccker Handwerks. Die dazu eingereichten Pr\u00fcfungsarbeiten werden in einer vom Studiengang der \u201eGestaltungstechnischen Assistenten\u201c gestalteten Dokumentation ver\u00f6ffentlicht.<\/span><\/p>\n<p>[\/et_pb_text][\/et_pb_column][\/et_pb_row][et_pb_row _builder_version=&#8220;3.26.6&#8243; custom_padding=&#8220;0px|||||&#8220;][et_pb_column type=&#8220;4_4&#8243; _builder_version=&#8220;3.26.6&#8243;][et_pb_image src=&#8220;https:\/\/vg-initiative.de\/wp-content\/uploads\/2020\/10\/Image-1-2-scaled-e1604227298244.jpg&#8220; align=&#8220;center&#8220; _builder_version=&#8220;3.26.6&#8243;][\/et_pb_image][et_pb_text _builder_version=&#8220;3.26.6&#8243;]<\/p>\n<p class=\"Normal\" style=\"text-align: left;\"><strong><span class=\"tm6\">\u201aHandwerk meets Kunst\u2018<\/span><\/strong><span class=\"tm7\">\u00a0<\/span><\/p>\n<p class=\"Normal\" style=\"text-align: left;\"><span class=\"tm7\">Ein Wettbewerb f\u00fcr Meisterst\u00fccke der Tischlerinnung war in Deutschland seit Langem etabliert. Als sich 1989 die Richtlinien im Pr\u00fcfungs- und Wettbewerbswesen \u00e4nderten, beschloss die zust\u00e4ndige Kommission: \u201eWir machen den Wettbewerb ab 1990 auch f\u00fcr Gesellen.\u201c\u00a0<\/span><span class=\"tm7\">Das war die Geburtsstunde des Wettbewerbs \u201eDie Gute Form\u201c f\u00fcr Gesellenst\u00fccke des Tischlerhandwerks auf Innungs-, Landes- und Bundesebene.<\/span><span class=\"tm7\">\u00a0<\/span><\/p>\n<p class=\"Normal\" style=\"text-align: left;\"><span class=\"tm7\">Der Begriff \u201aDie Gute Form\u2018 wurde in den 1950er Jahren gepr\u00e4gt und steht f\u00fcr ein zeitlos g\u00fcltiges Design. Durch eine funktionelle, sachliche und zugleich \u00e4sthetische Gestaltung soll eine Dauerhaftigkeit der Dinge geschaffen werden, die \u00fcber den modischen Zeitgeist hinausgeht. Pr\u00e4gend f\u00fcr den Begriff war das 1952 erschienene Buch \u201eDie Gute Form\u201c von Max Bill.\u00a0<\/span><\/p>\n<p class=\"Normal\" style=\"text-align: left;\"><span class=\"tm7\">Der Wettbewerb \u201aDie Gute Form\u2018 wird in Osnabr\u00fcck seit den 90er Jahren durch einen Gestaltungskurs begleitet, der als freiwillige Initiative der Lehrkr\u00e4fte des Berufsschulzentrums Westerberg entstanden ist.<\/span><\/p>\n<p class=\"Normal\" style=\"text-align: left;\"><span class=\"tm7\">Aus diesen \u00dcberlegungen entwickelte sich im VG-Jubil\u00e4umsjahr 2013 die Vergabe des \u201aVordemberge-Gildewart-Preises\u2018 f\u00fcr Auszubildende aller Tischlerei-Betriebe in Erg\u00e4nzung zum innungsinternen Wettbewerb \u201aDie Gute Form\u2018.<\/span>\u00a0Die Brosch\u00fcre \u00fcber die Aktivit\u00e4ten der Handwerkskammer ist <a href=\"https:\/\/www.vordemberge-gildewart.de\/app\/download\/8351980594\/Brosch\u00fcre_Handwerkskammer_Gesellenst\u00fcck_v-g-Preis.pdf?t=1400752774\">hier<\/a> als Pdf-Datei herunterzuladen.<\/p>\n<p class=\"Normal\" style=\"text-align: left;\"><span class=\"tm7\">Unterst\u00fctzt vom Bereich Holztechnik des Berufsschulzentrums Westerberg vergibt die Tischlerinnung Osnabr\u00fcck seit 2013 bei der Ausbildungsabschlusspr\u00fcfung den \u201aVordemberge-Gildewart-Preis\u2018 des Osnabr\u00fccker Handwerks.\u00a0<\/span><span class=\"tm7\">Die von jedem Absolventen der Tischlerausbildung individuell gestalteten Gesellenst\u00fccke werden j\u00e4hrlich in einer durch die Tischler-Innung Osnabr\u00fcck finanzierten Dokumentation ver\u00f6ffentlicht. Diese Brosch\u00fcre wird von Sch\u00fclerinnen und Sch\u00fclern der zweij\u00e4hrigen Berufsfachschule Gestaltungstechnische Assistenten am Berufsschulzentrum Westerberg entwickelt und gestaltet.<\/span><span class=\"tm7\">\u00a0<\/span><\/p>\n<ul style=\"text-align: left;\">\n<li class=\"Normal\" style=\"text-align: justify;\"><span class=\"tm7\">Die Vordemberge-Gildewart Initiative verkn\u00fcpfte die Grundgedanken <\/span>zum Wettbewerb \u201aDie Gute Form\u2018 der Tischlerinnung und<\/li>\n<li class=\"Normal\" style=\"text-align: justify;\">zur \u201aUlmer Hochschule f\u00fcr Gestaltung\u2018 (an der u. a. Max Bill und Friedrich Vordemberge-Gildewart in den 1950er Jahren tempor\u00e4r zeitgleich t\u00e4tig waren) mit<\/li>\n<li class=\"Normal\" style=\"text-align: justify;\">den herausragenden Leistungen Vordemberge-Gildewarts bei dessen Gesellenpr\u00fcfung 1918 im Tischlerhandwerk<br \/> <span class=\"tm7\">zur Idee\u00a0<\/span>\u201aHandwerk meets Kunst\u2018.<\/li>\n<\/ul>\n<p class=\"Normal\" style=\"text-align: left;\"><span class=\"tm7\">Um die Grundidee \u201aHandwerk meets Kunst\u2018 zu vertiefen und den \u201aVordemberge-Gildewart-Preis\u2018 in ein kunstp\u00e4dagogisches Projekt einzubetten, diskutierten die schon an der Entwicklung des \u201aVordemberge-Gildewart-Preises\u2018 Beteiligten (Innung, Berufsschulzentrum, VG-Initiative) die Durchf\u00fchrung eines gemeinsamen Workshops von Auszubildenden und Kunstschaffenden.<\/span><\/p>\n<p class=\"Normal\" style=\"text-align: left;\"><span class=\"tm7\">Als Ziel wurde herausgearbeitet, dass sich Auszubildende des Tischlerhandwerks mit Kunstschaffenden in Theorie und Praxis austauschen.<\/span><span class=\"tm7\">\u00a0<\/span><\/p>\n<p class=\"Normal\" style=\"text-align: left;\"><span class=\"tm7\">Der Workshop soll jeweils im zweiten Ausbildungsjahr an zwei Tagen auf freiwilliger Basis angeboten werden und (auch) zu Gedanken \u00fcber ein Gesellenst\u00fcck anregen. Honorare f\u00fcr die Kunstschaffenden tr\u00e4gt die Stiftung \u201akunst.konkret.konstruktiv \u2013 vordemberge-gildewart\u2018 zur H\u00e4lfte, maximal bis zum Betrag von 500,00 \u20ac.<\/span><span class=\"tm7\">\u00a0<\/span><\/p>\n<p class=\"Normal\" style=\"text-align: left;\"><span class=\"tm7\">Die Planungen f\u00fcr den Workshop und die Absprachen mit den Kunstschaffenden waren abgeschlossen; die Durchf\u00fchrung pandemie-bedingt in 2020 leider nicht realisierbar.\u00a0<\/span><span class=\"tm7\">In einer Feierstunde f\u00fcr den Ausbildungsabschluss 2020 wurden neben den Gesellenbriefen die drei Preise f\u00fcr den innungsinternen Wettbewerb \u201aDie Gute Form\u2018 sowie der innungsungebundene \u201aVordemberge-Gildewart-Preis\u2018 (erstmals ebenfalls dotiert) \u00fcbergeben.<\/span><\/p>\n<p class=\"Normal\" style=\"text-align: left;\"><span class=\"tm7\">Auf Basis der abgestimmten Planungen sollen die Auszubildenden des zweiten Ausbildungsjahres nun ab 2021 zum Workshop mit Kunstschaffenden eingeladen werden, soweit es die corona-bedingten Einschr\u00e4nkungen erlauben. <\/span><\/p>\n<p>[\/et_pb_text][\/et_pb_column][\/et_pb_row][et_pb_row _builder_version=&#8220;3.26.6&#8243;][et_pb_column type=&#8220;4_4&#8243; _builder_version=&#8220;3.26.6&#8243;][et_pb_image src=&#8220;https:\/\/vg-initiative.de\/wp-content\/uploads\/2020\/10\/Image-1-1-scaled-e1604227315693.jpg&#8220; align=&#8220;center&#8220; _builder_version=&#8220;3.26.6&#8243;][\/et_pb_image][\/et_pb_column][\/et_pb_row][et_pb_row _builder_version=&#8220;3.26.6&#8243; custom_padding=&#8220;4px|||||&#8220;][et_pb_column type=&#8220;4_4&#8243; _builder_version=&#8220;3.26.6&#8243;][et_pb_text _builder_version=&#8220;3.26.6&#8243; custom_margin=&#8220;||-4px|||&#8220;]<\/p>\n<p class=\"Normal\" style=\"text-align: left;\"><span class=\"tm5\"><\/span><strong><span class=\"tm6\">Der Vordemberge-Gildewart-Bus: <\/span><\/strong><\/p>\n<p class=\"Normal\" style=\"text-align: left;\"><span class=\"tm5\">Bereits im Wintersemester 2012\/2013 hatte die Hochschule Osnabr\u00fcck mit ihrem Studiengang \u201eIndustrial Design\u201c unter ihren Studenten einen Wettbewerb zur Gestaltung eines Stadtwerke Busses zum Thema \u201eVordemberge-Gildewart\u201c durchgef\u00fchrt. Ende 2013 wurde das Ergebnis der \u00d6ffentlichkeit vorgestellt; seitdem ist dieser Bus f\u00fcr das VG-Thema werbend im Dauereinsatz.<\/span><\/p>\n<p>[\/et_pb_text][\/et_pb_column][\/et_pb_row][et_pb_row _builder_version=&#8220;3.26.6&#8243; custom_padding=&#8220;4px|||||&#8220;][et_pb_column type=&#8220;4_4&#8243; _builder_version=&#8220;3.26.6&#8243;][et_pb_image src=&#8220;https:\/\/vg-initiative.de\/wp-content\/uploads\/2020\/10\/Image-1-4-e1602315126711.jpg&#8220; align=&#8220;center&#8220; _builder_version=&#8220;3.26.6&#8243; width=&#8220;51%&#8220; custom_margin=&#8220;||1px|||&#8220;][\/et_pb_image][et_pb_text _builder_version=&#8220;3.26.6&#8243; width=&#8220;75%&#8220; min_height=&#8220;15px&#8220; custom_margin=&#8220;-9px|||auto|false|false&#8220; custom_padding=&#8220;0px|||||&#8220;]<\/p>\n<p><span style=\"font-size: x-small;\">Quelle:<\/span><\/p>\n<p>[\/et_pb_text][\/et_pb_column][\/et_pb_row][et_pb_row _builder_version=&#8220;3.26.6&#8243; min_height=&#8220;136px&#8220; custom_margin=&#8220;-5px|auto||auto||&#8220; custom_padding=&#8220;4px|||||&#8220;][et_pb_column type=&#8220;4_4&#8243; _builder_version=&#8220;3.26.6&#8243;][et_pb_text _builder_version=&#8220;3.26.6&#8243; custom_margin=&#8220;||-3px|||&#8220;]<\/p>\n<p class=\"Normal\" style=\"text-align: left;\"><span class=\"tm5\"><\/span><strong><span class=\"tm6\">Die vordemberge-gildewart-line: <\/span><\/strong><\/p>\n<p class=\"Normal\" style=\"text-align: left;\"><span class=\"tm5\">2012 widmete die Stadt Osnabr\u00fcck dem K\u00fcnstler VG anl\u00e4sslich seines 50. Todestages ein \u00fcberlanges Gedenkjahr, das erst im Jahre 2015 mit dem gro\u00dfen Outdoor-Projekt \u201ekonkret mehr raum\u201c endete. Seitdem schm\u00fcckt sich die Osnabr\u00fccker Kunsthalle in der Dunkelheit mit der \u201evordemberge-gildewart-line\u201c des portugiesischen K\u00fcnstlers und Dokumenta-Teilnehmers Pedro Cabrita Reis.<\/span><\/p>\n<p>[\/et_pb_text][\/et_pb_column][\/et_pb_row][et_pb_row _builder_version=&#8220;3.26.6&#8243; custom_margin=&#8220;-4px|auto||auto||&#8220; custom_padding=&#8220;0px||1px|||&#8220;][et_pb_column type=&#8220;4_4&#8243; _builder_version=&#8220;3.26.6&#8243;][et_pb_image src=&#8220;https:\/\/vg-initiative.de\/wp-content\/uploads\/2020\/10\/Image-1-e1602315153392.jpg&#8220; align=&#8220;center&#8220; _builder_version=&#8220;3.26.6&#8243; width=&#8220;52%&#8220; custom_margin=&#8220;||1px|||&#8220;][\/et_pb_image][et_pb_text _builder_version=&#8220;3.26.6&#8243; width=&#8220;75%&#8220; min_height=&#8220;23px&#8220; custom_margin=&#8220;-9px||-4px|auto|false|false&#8220; custom_padding=&#8220;0px||0px|||&#8220;]<\/p>\n<p><span style=\"font-size: x-small;\">Quelle: Privat<\/span><\/p>\n<p>[\/et_pb_text][\/et_pb_column][\/et_pb_row][et_pb_row _builder_version=&#8220;3.26.6&#8243; module_alignment=&#8220;center&#8220; min_height=&#8220;322px&#8220; custom_margin=&#8220;|auto|||false|false&#8220; custom_padding=&#8220;19px|||||&#8220;][et_pb_column type=&#8220;4_4&#8243; _builder_version=&#8220;3.26.6&#8243;][et_pb_text _builder_version=&#8220;3.26.6&#8243; custom_margin=&#8220;||-1px|||&#8220; custom_padding=&#8220;||0px|||&#8220;]<\/p>\n<p class=\"Normal\" style=\"text-align: left;\"><span class=\"tm5\"><\/span><strong><span class=\"tm6\">Die Vordemberge-Gildewart-Schauvitrine: <\/span><\/strong><\/p>\n<p class=\"Normal\" style=\"text-align: left;\"><span class=\"tm5\">seit dem Fr\u00fchjahr 2020 steht Vordemberge-Gildewart im Rathaus der Stadt Osnabr\u00fcck an der Seite der die Identit\u00e4t der Stadt pr\u00e4genden Pers\u00f6nlichkeiten, neben Justus M\u00f6ser, Felix Nussbaum, Erich Maria Remarque\u00a0<\/span>und Hans-Georg Calmeyer.<\/p>\n<p style=\"text-align: left;\"><strong style=\"font-size: 18px;\">VG-Gem\u00e4lde:<\/strong><\/p>\n<p style=\"text-align: left;\">der \u00d6ffentlichkeit nicht bzw. nur teilweise zug\u00e4nglich sind im Raum Osnabr\u00fcck die Kompositionen <a href=\"https:\/\/vordemberge-gildewart.eu\/the-new-oeuvre\/catalogue\/paintings\/k-76\/\">K 76<\/a>, <a href=\"https:\/\/vordemberge-gildewart.eu\/the-new-oeuvre\/catalogue\/paintings\/k-144\">K 144<\/a>, <a href=\"https:\/\/vordemberge-gildewart.eu\/the-new-oeuvre\/catalogue\/paintings\/k-151\">K 151<\/a>, <a href=\"https:\/\/vordemberge-gildewart.eu\/the-new-oeuvre\/catalogue\/paintings\/k-208\">K 208<\/a>\u00a0 im Museumsquartier sowie <a href=\"https:\/\/vordemberge-gildewart.eu\/the-new-oeuvre\/catalogue\/paintings\/k-161\">K 161<\/a> in Privatbesitz.<\/p>\n<p class=\"Normal\" style=\"text-align: left;\"><span class=\"tm6\">Die Grabst\u00e4tte der Familie Vordemberge <\/span><span class=\"tm5\">befindet sich auf dem historischen <a href=\"https:\/\/www.hasefriedhof-johannisfriedhof.de\/\">Hasefriedhof<\/a>. <\/span><span class=\"tm5\">Dort ist VG zusammen mit seinen Eltern und seinen beiden Schwestern\u00a0<\/span><span style=\"font-size: 18px;\">beigesetzt.<\/span><\/p>\n<p class=\"Normal\">\n<p>[\/et_pb_text][\/et_pb_column][\/et_pb_row][et_pb_row column_structure=&#8220;1_2,1_2&#8243; _builder_version=&#8220;3.26.6&#8243; min_height=&#8220;465px&#8220; custom_padding=&#8220;0px||0px|||&#8220;][et_pb_column type=&#8220;1_2&#8243; _builder_version=&#8220;3.26.6&#8243;][et_pb_image src=&#8220;https:\/\/vg-initiative.de\/wp-content\/uploads\/2020\/10\/Image-1-7-e1602315107179.jpg&#8220; _builder_version=&#8220;3.26.6&#8243; custom_margin=&#8220;||1px|||&#8220; custom_padding=&#8220;||0px|||&#8220;][\/et_pb_image][et_pb_text _builder_version=&#8220;3.26.6&#8243; min_height=&#8220;14px&#8220; custom_margin=&#8220;-5px|||||&#8220; custom_padding=&#8220;0px||0px|7px||&#8220;]<\/p>\n<p><span style=\"font-size: x-small;\">Quelle<\/span><span style=\"font-size: x-small;\">: Privat<\/span><\/p>\n<p>[\/et_pb_text][\/et_pb_column][et_pb_column type=&#8220;1_2&#8243; _builder_version=&#8220;3.26.6&#8243;][et_pb_image src=&#8220;https:\/\/vg-initiative.de\/wp-content\/uploads\/2020\/11\/Page-1.jpg&#8220; _builder_version=&#8220;3.26.6&#8243; min_height=&#8220;307px&#8220; custom_margin=&#8220;||3px|||&#8220; custom_padding=&#8220;95px|||||&#8220;][\/et_pb_image][et_pb_text _builder_version=&#8220;3.26.6&#8243; min_height=&#8220;24px&#8220; custom_margin=&#8220;-6px|||||&#8220; custom_padding=&#8220;0px|||4px||&#8220;]<\/p>\n<p><span style=\"font-size: x-small;\">Quelle<\/span><span style=\"font-size: x-small;\">:\u00a0Osnabr\u00fccker Servicebetrieb<\/span><\/p>\n<p>[\/et_pb_text][\/et_pb_column][\/et_pb_row][\/et_pb_section]<\/p>\n","protected":false},"excerpt":{"rendered":"<p>VG-Spuren in Osnabr\u00fcckNach der jahrzehntelangen Verdr\u00e4ngung aus dem Bewusstsein der Stadt im 20. Jahrhundert findet Vordemberge-Gildewart inzwischen in seiner Geburtsstadt die selbstverst\u00e4ndliche Anerkennung.Das Vordemberge-Gildewart-Haus: Der zentrale Bezugspunkt f\u00fcr Vordemberge-Gildewart in Osnabr\u00fcck ist ohne Frage das Elternhaus. So wird es auch bleiben, wenn die Sievert-Stiftung f\u00fcr Wissenschaft und Kultur als neuer Eigent\u00fcmer hier nach aufw\u00e4ndiger Restaurierung [&hellip;]<\/p>\n","protected":false},"author":4,"featured_media":0,"parent":0,"menu_order":0,"comment_status":"closed","ping_status":"closed","template":"","meta":{"_et_pb_use_builder":"on","_et_pb_old_content":"","_et_gb_content_width":"","footnotes":""},"class_list":["post-2238","page","type-page","status-publish","hentry"],"_links":{"self":[{"href":"https:\/\/vg-initiative.de\/index.php?rest_route=\/wp\/v2\/pages\/2238"}],"collection":[{"href":"https:\/\/vg-initiative.de\/index.php?rest_route=\/wp\/v2\/pages"}],"about":[{"href":"https:\/\/vg-initiative.de\/index.php?rest_route=\/wp\/v2\/types\/page"}],"author":[{"embeddable":true,"href":"https:\/\/vg-initiative.de\/index.php?rest_route=\/wp\/v2\/users\/4"}],"replies":[{"embeddable":true,"href":"https:\/\/vg-initiative.de\/index.php?rest_route=%2Fwp%2Fv2%2Fcomments&post=2238"}],"version-history":[{"count":53,"href":"https:\/\/vg-initiative.de\/index.php?rest_route=\/wp\/v2\/pages\/2238\/revisions"}],"predecessor-version":[{"id":4024,"href":"https:\/\/vg-initiative.de\/index.php?rest_route=\/wp\/v2\/pages\/2238\/revisions\/4024"}],"wp:attachment":[{"href":"https:\/\/vg-initiative.de\/index.php?rest_route=%2Fwp%2Fv2%2Fmedia&parent=2238"}],"curies":[{"name":"wp","href":"https:\/\/api.w.org\/{rel}","templated":true}]}}