{"id":2918,"date":"2021-07-02T15:14:51","date_gmt":"2021-07-02T13:14:51","guid":{"rendered":"https:\/\/vg-initiative.de\/?page_id=2918"},"modified":"2021-10-28T14:20:30","modified_gmt":"2021-10-28T12:20:30","slug":"express-uebersicht","status":"publish","type":"page","link":"https:\/\/vg-initiative.de\/?page_id=2918","title":{"rendered":"Express-\u00dcbersicht"},"content":{"rendered":"<p>[et_pb_section fb_built=&#8220;1&#8243; _builder_version=&#8220;3.26.6&#8243; background_color=&#8220;#07a1e2&#8243; background_enable_image=&#8220;off&#8220; background_position=&#8220;center_right&#8220; custom_margin=&#8220;0px||0px||false|false&#8220; custom_padding=&#8220;0px||0px||false|false&#8220; custom_css_main_element=&#8220;background-position: center center;&#8220;][et_pb_row column_structure=&#8220;1_2,1_2&#8243; _builder_version=&#8220;3.26.6&#8243; width=&#8220;100%&#8220; max_width=&#8220;100%&#8220; min_height=&#8220;34px&#8220; max_height=&#8220;768px&#8220; custom_margin=&#8220;||0px||false|false&#8220; custom_padding=&#8220;0px||1px||false|false&#8220; hover_enabled=&#8220;0&#8243; max_height_last_edited=&#8220;on|phone&#8220;][et_pb_column type=&#8220;1_2&#8243; _builder_version=&#8220;3.26.6&#8243; custom_padding=&#8220;55px|||5%|false|false&#8220;][et_pb_text _builder_version=&#8220;3.26.6&#8243; custom_margin=&#8220;||29px|||&#8220;]<\/p>\n<h1><strong><span style=\"color: #ffffff;\">Express-\u00dcbersicht<\/span><\/strong><strong><span style=\"color: #ffffff;\"><\/span><\/strong><\/h1>\n<p>[\/et_pb_text][et_pb_text _builder_version=&#8220;3.26.6&#8243; text_line_height=&#8220;1.5em&#8220; custom_margin=&#8220;16px|||||&#8220;]<\/p>\n<p><span style=\"color: #ffffff;\">Neben Informationen zu \u201eaktuellen VG Spuren\u201c und Aktivit\u00e4ten der \u201evg-initiative\u201c gibt es hier f\u00fcr den schnellen Leser eine erste \u00dcbersicht zum Leben von VG und zu seinem Wirken \u00fcber eine Pr\u00e4sentations-Matrix.<\/span><\/p>\n<p><span style=\"color: #ffffff;\">Angelegt als dokumentarisches System informiert sie aus <strong>vertikaler Sicht<\/strong> \u00fcber wichtige Lebensabschnitte von VG und aus <strong>horizontaler Sicht<\/strong> durch eine gleiche Gliederung \u00fcber jeweils vergleichbare Aktivit\u00e4ten.\u00a0 \u00a0<\/span><\/p>\n<h1><\/h1>\n<p>[\/et_pb_text][\/et_pb_column][et_pb_column type=&#8220;1_2&#8243; _builder_version=&#8220;3.26.6&#8243; custom_css_main_element=&#8220;display: flex;&#8220;][et_pb_text _builder_version=&#8220;3.26.6&#8243; text_line_height=&#8220;1em&#8220; width=&#8220;39.1%&#8220; min_height=&#8220;47px&#8220; custom_margin=&#8220;|30px|||false|false&#8220; custom_css_main_element=&#8220;align-self: flex-end;&#8220;]<\/p>\n<p style=\"text-align: right;\"><span style=\"color: #ffffff; font-size: small;\">Geburtshaus Vordemberge-Gildewarts<\/span><br \/> <span style=\"color: #ffffff; font-size: x-small;\"><span style=\"font-size: small;\"> Quelle: Priva<\/span>t<\/span><\/p>\n<p>[\/et_pb_text][et_pb_image src=&#8220;https:\/\/vg-initiative.de\/wp-content\/uploads\/2021\/09\/VG_Osnabru\u0308ck_c-_AngelavonBrill_14-Ansicht-VG-Haus-scaled.jpg&#8220; align=&#8220;right&#8220; _builder_version=&#8220;3.26.6&#8243; width=&#8220;70%&#8220; max_height=&#8220;768px&#8220; max_height_last_edited=&#8220;on|desktop&#8220; custom_margin=&#8220;0px||0px||false|false&#8220; custom_padding=&#8220;0px||0px||false|false&#8220;][\/et_pb_image][\/et_pb_column][\/et_pb_row][\/et_pb_section][et_pb_section fb_built=&#8220;1&#8243; _builder_version=&#8220;3.26.6&#8243; min_height=&#8220;810px&#8220; custom_margin=&#8220;1px||-1px|||&#8220; custom_padding=&#8220;55px||0px|||&#8220;][et_pb_row _builder_version=&#8220;3.26.6&#8243; min_height=&#8220;985px&#8220; custom_margin=&#8220;||-21px|auto|false|false&#8220; custom_padding=&#8220;3px||6px|||&#8220;][et_pb_column type=&#8220;4_4&#8243; _builder_version=&#8220;3.26.6&#8243;][et_pb_text _builder_version=&#8220;3.26.6&#8243; min_height=&#8220;635px&#8220; custom_margin=&#8220;0px||||false|false&#8220; custom_padding=&#8220;0px||||false|false&#8220;]<\/p>\n<p><strong>Warum eine Initiative f\u00fcr Vordemberge-Gildewart (VG)?<\/strong><\/p>\n<p>1955 hat die Stadt Osnabr\u00fcck ihrem international hoch gesch\u00e4tzten Sohn Friedrich Vordemberge-Gildewart die M\u00f6sermedaille verliehen; eine Ausstellung seiner Werke hat sie dem so Geehrten zu Lebzeiten allerdings nie ausgerichtet. Dies geschah erst 1979 anl\u00e4sslich des 80sten bzw. 1999 anl\u00e4sslich des 100sten Geburtstages. Das hat sich inzwischen ge\u00e4ndert: So feierte Osnabr\u00fcck anl\u00e4sslich des 60sten Todestages ein \u00fcberlanges Gedenkjahr 2012-2015. Und demn\u00e4chst wird die Sievert-Stiftung f\u00fcr Wissenschaft und Kultur ihren Sitz in dem mit gro\u00dfem Aufwand zum Veranstaltungsort umgewidmeten Elternhaus des K\u00fcnstlers in der Gro\u00dfen Gildewart 27 nehmen.<\/p>\n<p><strong><\/strong><\/p>\n<p><strong>VG-Leben<\/strong><\/p>\n<p>Friedrich Vordemberge-Gildewart wurde am 17.11.1899 in Osnabr\u00fcck geboren und starb am 19.12.1962 in Ulm. Um eine Verwechslung mit seinem gleichnamigen und ebenfalls k\u00fcnstlerisch t\u00e4tigen Cousin Friedrich Vordemberge zu vermeiden, erg\u00e4nzte er seinen Namen um die Altstadtgasse, in der er aufgewachsen war. Nach der Mittelschule und einer Tischlerlehre mit sehr gutem Abschluss begann er 1919 eine Ausbildung an der dortigen Kunstgewerbeschule und ein Studium an der technischen Hochschule Hannover (Innenarchitektur, Architektur, Plastik).<\/p>\n<p>Seit 1922 gibt es von VG erste k\u00fcnstlerische Arbeiten (Reliefs, Plastik-Entw\u00fcrfe, Baukeramiken, Zeichnungen, Collagen, Malerei) und ab 1924 engagierte er sich zunehmend auch in kunstpolitischen Bewegungen u.a. als Mitgr\u00fcnder (mit Hans Nitschke) der Gruppe \u201eK-Hannover\u201c, als Mitglied beim \u201eSturm\u201c-Berlin sowie ab 1925 in der \u201eDe Stijl\u201c- Gruppe Amsterdam und 1927 als Mitbegr\u00fcnder von \u201edie abstrakten hannover\u201c (mit Kurt Schwitters, Hans Nitschke, Carl Buchheister und Rudolf Jahns) als einer Ortgruppe der \u201eInternationalen Vereinigung der Expressionisten, Futuristen, Kubisten und Konstruktivisten\u201c. 1932 wurde er Mitglied der K\u00fcnstlergruppe \u201eAbstraction &#8211; Creation\u201c, die von Naum Gabe, Antoine Pevsner, Auguste Herbin, Theo van Doesburg und George Vantongerloo in Paris gegr\u00fcndet worden war. Zeitgleich begann VGs Teilnahme an \u00fcber 30 gro\u00dfen internationalen Kunstausstellungen, die ihn in den n\u00e4chsten Jahren zun\u00e4chst in Europa und dann auch in den USA und S\u00fcdamerika bekannt machten.<\/p>\n<p>Mit dem Machantritt der Nationalsozialisten galt seine Kunst wie die vieler anderer K\u00fcnstler als \u201eentartet\u201c. Dies veranlasste Ihn 1937 zu emigrieren. Nachdem Versuche \u00fcber K\u00fcnstler-Freundschaften eine Aufenthaltsgenehmigung f\u00fcr die Schweiz zu erhalten scheiterten, entschloss er sich mit seiner Frau zum Exil in Amsterdam, wo es zu einer Freundschaft mit Max Beckmann kam. Trotz gef\u00e4hrlicher N\u00e4he zum holl\u00e4ndischen Widerstand konnte VG die deutsche Besatzung der Niederlande\u00a0 mit seiner j\u00fcdischen Frau Lea unter prek\u00e4ren Verh\u00e4ltnissen \u00fcberleben und 1949 die niederl\u00e4ndische Staatsangeh\u00f6rigkeit annehmen.<\/p>\n<p>&nbsp;<\/p>\n<p>Nach dem 2. Weltkrieg geh\u00f6rte er neben den in der Schweiz aktiv gebliebenen Max Bill und Richard Paul Lohse zu den wenigen K\u00fcnstlern, die die konstruktiv-konkrete Kunst mit \u201eabsolutem\u201c Anspruch weiterverfolgten. 1955 und 1959 geh\u00f6rte VG zu den Teilnehmern der dokumenta I und II in Kassel. 1954 erhielt er einen Ruf an die in der Bauhaustradition u.a. von Max Bill mitbegr\u00fcndete Hochschule f\u00fcr Gestaltung in Ulm, wo er bis zu seinem Tod 1962 als Dozent f\u00fcr \u201evisuelle und kommunikative Gestaltung\u201c t\u00e4tig war.<\/p>\n<p><strong><\/strong><\/p>\n<p><strong>Gliederung<\/strong><\/p>\n<p>Der Leser\u00a0kann den 4 Lebensphasen VGs chronologisch durchg\u00e4ngig durch Herunterscrollen des Textes nachgehen (horizontale Gliederung). Da die Darstellung der einzelnen Abschnitte jeweils an denselben Kriterien orientiert ist, besteht auch die M\u00f6glichkeit einer vergleichenden Gegen\u00fcberstellung dieser Kriterien \u00fcber das gesamte Leben VGs hinweg (vertikale Gliederung).<\/p>\n<p><strong><\/strong><\/p>\n<p><strong>VG\u00b4s Lebensweg-Matrix<\/strong><\/p>\n<p>[\/et_pb_text][et_pb_text _builder_version=&#8220;3.26.6&#8243; custom_margin=&#8220;-29px|||||&#8220; custom_padding=&#8220;0px|||||&#8220; custom_css_main_element=&#8220;overflow-x: auto;&#8220;]<\/p>\n<table width=\"824\" height=\"164\">\n<tbody>\n<tr>\n<td style=\"width: 158px;\"><\/td>\n<td style=\"width: 158px; text-align: center;\"><a href=\"http:\/\/comlot.de\/demo\/cms\/wordpress\/vg-initiative\/?page_id=1205\"><strong>Jugend<\/strong><\/a><\/td>\n<td style=\"width: 158px; text-align: center;\"><a href=\"http:\/\/comlot.de\/demo\/cms\/wordpress\/vg-initiative\/?page_id=1218\"><strong>Aufbruch<\/strong><\/a><\/td>\n<td style=\"width: 158px; text-align: center;\"><a href=\"http:\/\/comlot.de\/demo\/cms\/wordpress\/vg-initiative\/?page_id=1228\"><strong>Verfolgung und Exil<\/strong><\/a><\/td>\n<td style=\"width: 158px; text-align: center;\"><a href=\"http:\/\/comlot.de\/demo\/cms\/wordpress\/vg-initiative\/?page_id=1256\"><strong>Freie Jahre<\/strong><\/a><\/td>\n<\/tr>\n<tr>\n<td style=\"width: 158px;\">Aktivit\u00e4ten<\/td>\n<td style=\"width: 158px; text-align: center;\"><a href=\"https:\/\/vg-initiative.de\/?page_id=1205#Jugend1\"><strong>xxx<\/strong><\/a><\/td>\n<td style=\"width: 158px; text-align: center;\"><a href=\"https:\/\/vg-initiative.de\/?page_id=1218#Aufbruch1\"><strong>xxx<\/strong><\/a><\/td>\n<td style=\"width: 158px; text-align: center;\"><a href=\"https:\/\/vg-initiative.de\/?page_id=1228#Exil1\"><strong>xxx<\/strong><\/a><\/td>\n<td style=\"width: 158px; text-align: center;\"><a href=\"https:\/\/vg-initiative.de\/?page_id=1256#Frei1\"><strong>xxx<\/strong><\/a><\/td>\n<\/tr>\n<tr>\n<td style=\"width: 158px;\">Objekte und Gem\u00e4lde<\/td>\n<td style=\"width: 158px; text-align: center;\"><a href=\"https:\/\/vg-initiative.de\/?page_id=1205#Jugend2\"><strong>xxx<\/strong><\/a><\/td>\n<td style=\"width: 158px; text-align: center;\"><a href=\"https:\/\/vg-initiative.de\/?page_id=1218#Aufbruch2\"><strong>xxx<\/strong><\/a><\/td>\n<td style=\"width: 158px; text-align: center;\"><a href=\"https:\/\/vg-initiative.de\/?page_id=1228#Exil2\"><strong>xxx<\/strong><\/a><\/td>\n<td style=\"width: 158px; text-align: center;\"><a href=\"https:\/\/vg-initiative.de\/?page_id=1256#Frei2\"><strong>xxx<\/strong><\/a><\/td>\n<\/tr>\n<tr>\n<td style=\"width: 158px;\">Ideen und \u00dcberzeugungen<\/td>\n<td style=\"width: 158px; text-align: center;\"><strong>&#8211;<\/strong><\/td>\n<td style=\"width: 158px; text-align: center;\"><a href=\"https:\/\/vg-initiative.de\/?page_id=1218#Aufbruch3\"><strong>xxx<\/strong><\/a><\/td>\n<td style=\"width: 158px; text-align: center;\"><a href=\"https:\/\/vg-initiative.de\/?page_id=1228#Exil3\"><strong>xxx<\/strong><\/a><\/td>\n<td style=\"width: 158px; text-align: center;\"><a href=\"https:\/\/vg-initiative.de\/?page_id=1256#Frei3\"><strong>xxx<\/strong><\/a><\/td>\n<\/tr>\n<tr>\n<td style=\"width: 158px;\">Berufliche Kontakte<\/td>\n<td style=\"width: 158px; text-align: center;\"><a href=\"https:\/\/vg-initiative.de\/?page_id=1205#Jugend3\"><strong>xxx<\/strong><\/a><\/td>\n<td style=\"width: 158px; text-align: center;\"><a href=\"https:\/\/vg-initiative.de\/?page_id=1218#Aufbruch4\"><strong>xxx<\/strong><\/a><\/td>\n<td style=\"width: 158px; text-align: center;\"><a href=\"https:\/\/vg-initiative.de\/?page_id=1228#Exil4\"><strong>xxx<\/strong><\/a><\/td>\n<td style=\"width: 158px; text-align: center;\"><a href=\"https:\/\/vg-initiative.de\/?page_id=1256#Frei4\"><strong>xxx<\/strong><\/a><\/td>\n<\/tr>\n<tr>\n<td style=\"width: 158px;\">Kulturelle Beachtung<\/td>\n<td style=\"width: 158px; text-align: center;\"><strong>&#8211;<\/strong><\/td>\n<td style=\"width: 158px; text-align: center;\"><a href=\"https:\/\/vg-initiative.de\/?page_id=1218#Aufbruch5\"><strong>xxx<\/strong><\/a><\/td>\n<td style=\"width: 158px; text-align: center;\"><a href=\"https:\/\/vg-initiative.de\/?page_id=1228#Exil5\"><strong>xxx<\/strong><\/a><\/td>\n<td style=\"width: 158px; text-align: center;\"><a href=\"https:\/\/vg-initiative.de\/?page_id=1256#Frei5\"><strong>xxx<\/strong><\/a><\/td>\n<\/tr>\n<tr>\n<td style=\"width: 158px;\"><\/td>\n<td style=\"width: 158px; text-align: center;\"><\/td>\n<td style=\"width: 158px; text-align: center;\"><\/td>\n<td style=\"width: 158px; text-align: center;\"><\/td>\n<td style=\"width: 158px; text-align: center;\"><\/td>\n<\/tr>\n<\/tbody>\n<\/table>\n<p>&nbsp;<\/p>\n<p>[\/et_pb_text][\/et_pb_column][\/et_pb_row][et_pb_row _builder_version=&#8220;3.26.6&#8243; min_height=&#8220;75px&#8220; custom_margin=&#8220;19px|auto||auto||&#8220; custom_padding=&#8220;3px||4px|||&#8220;][et_pb_column type=&#8220;4_4&#8243; _builder_version=&#8220;3.26.6&#8243;][et_pb_text _builder_version=&#8220;3.26.6&#8243; min_height=&#8220;104px&#8220; custom_margin=&#8220;-3px||-3px|||&#8220;]<\/p>\n<p><strong>Lesehinweis<\/strong><\/p>\n<p><span>Die parallele Website <strong>&#8222;<\/strong><\/span><strong><a href=\"http:\/\/comlot.de\/demo\/cms\/wordpress\/vg-initiative_2\/\">www.kunst.konkret.konstruktiv\u00a0&#8211; vordemberge-gildewart.de<\/a><\/strong><span><strong><a href=\"http:\/\/comlot.de\/demo\/cms\/wordpress\/vg-initiative_2\/\">\u201c<\/a><\/strong> analysiert das Oeuvre Vordemberge-Gildewarts, den Kontext zu seinen Zeitgenossen (und die Folgewirkungen seiner Kunst).<\/span><\/p>\n<p>[\/et_pb_text][\/et_pb_column][\/et_pb_row][\/et_pb_section]<\/p>\n","protected":false},"excerpt":{"rendered":"<p>Express-\u00dcbersichtNeben Informationen zu \u201eaktuellen VG Spuren\u201c und Aktivit\u00e4ten der \u201evg-initiative\u201c gibt es hier f\u00fcr den schnellen Leser eine erste \u00dcbersicht zum Leben von VG und zu seinem Wirken \u00fcber eine Pr\u00e4sentations-Matrix. Angelegt als dokumentarisches System informiert sie aus vertikaler Sicht \u00fcber wichtige Lebensabschnitte von VG und aus horizontaler Sicht durch eine gleiche Gliederung \u00fcber jeweils [&hellip;]<\/p>\n","protected":false},"author":4,"featured_media":0,"parent":0,"menu_order":0,"comment_status":"closed","ping_status":"closed","template":"","meta":{"_et_pb_use_builder":"on","_et_pb_old_content":"","_et_gb_content_width":"","footnotes":""},"class_list":["post-2918","page","type-page","status-publish","hentry"],"_links":{"self":[{"href":"https:\/\/vg-initiative.de\/index.php?rest_route=\/wp\/v2\/pages\/2918"}],"collection":[{"href":"https:\/\/vg-initiative.de\/index.php?rest_route=\/wp\/v2\/pages"}],"about":[{"href":"https:\/\/vg-initiative.de\/index.php?rest_route=\/wp\/v2\/types\/page"}],"author":[{"embeddable":true,"href":"https:\/\/vg-initiative.de\/index.php?rest_route=\/wp\/v2\/users\/4"}],"replies":[{"embeddable":true,"href":"https:\/\/vg-initiative.de\/index.php?rest_route=%2Fwp%2Fv2%2Fcomments&post=2918"}],"version-history":[{"count":58,"href":"https:\/\/vg-initiative.de\/index.php?rest_route=\/wp\/v2\/pages\/2918\/revisions"}],"predecessor-version":[{"id":4025,"href":"https:\/\/vg-initiative.de\/index.php?rest_route=\/wp\/v2\/pages\/2918\/revisions\/4025"}],"wp:attachment":[{"href":"https:\/\/vg-initiative.de\/index.php?rest_route=%2Fwp%2Fv2%2Fmedia&parent=2918"}],"curies":[{"name":"wp","href":"https:\/\/api.w.org\/{rel}","templated":true}]}}